{"id":1835,"date":"2023-10-13T15:39:23","date_gmt":"2023-10-13T13:39:23","guid":{"rendered":"https:\/\/www.eurolegnosrl.it\/katalog\/"},"modified":"2024-01-08T10:58:31","modified_gmt":"2024-01-08T09:58:31","slug":"katalog","status":"publish","type":"page","link":"https:\/\/www.eurolegnosrl.it\/de\/katalog\/","title":{"rendered":"Katalog"},"content":{"rendered":"\t\t<div data-elementor-type=\"wp-page\" data-elementor-id=\"1835\" class=\"elementor elementor-1835 elementor-774\" data-elementor-post-type=\"page\">\n\t\t\t\t<div class=\"elementor-element elementor-element-3e025b0 e-con-full e-flex e-con e-parent\" data-id=\"3e025b0\" data-element_type=\"container\" data-e-type=\"container\" data-settings=\"{&quot;background_background&quot;:&quot;classic&quot;}\">\n\t\t<div class=\"elementor-element elementor-element-dce47bb e-con-full e-flex e-con e-child\" data-id=\"dce47bb\" data-element_type=\"container\" data-e-type=\"container\">\n\t\t\t\t<div class=\"elementor-element elementor-element-91caeb1 elementor-widget elementor-widget-heading\" data-id=\"91caeb1\" data-element_type=\"widget\" data-e-type=\"widget\" data-widget_type=\"heading.default\">\n\t\t\t\t<div class=\"elementor-widget-container\">\n\t\t\t\t\t<h2 class=\"elementor-heading-title elementor-size-default\">Katalog <\/h2>\t\t\t\t<\/div>\n\t\t\t\t<\/div>\n\t\t\t\t<\/div>\n\t\t\t\t<\/div>\n\t\t<div class=\"elementor-element elementor-element-328957d e-flex e-con-boxed e-con e-parent\" data-id=\"328957d\" data-element_type=\"container\" data-e-type=\"container\" data-settings=\"{&quot;background_background&quot;:&quot;classic&quot;}\">\n\t\t\t\t\t<div class=\"e-con-inner\">\n\t\t\t\t<div class=\"elementor-element elementor-element-909acae elementor-icon-list--layout-traditional elementor-list-item-link-full_width elementor-widget elementor-widget-icon-list\" data-id=\"909acae\" data-element_type=\"widget\" data-e-type=\"widget\" data-widget_type=\"icon-list.default\">\n\t\t\t\t<div class=\"elementor-widget-container\">\n\t\t\t\t\t\t\t<ul class=\"elementor-icon-list-items\">\n\t\t\t\t\t\t\t<li class=\"elementor-icon-list-item\">\n\t\t\t\t\t\t\t\t\t\t<span class=\"elementor-icon-list-text\">Entdecken Sie den Eurolegno-Katalog: Eine Welt der Auswahl f\u00fcr Klavierb\u00e4nke und -hocker<\/span>\n\t\t\t\t\t\t\t\t\t<\/li>\n\t\t\t\t\t\t<\/ul>\n\t\t\t\t\t\t<\/div>\n\t\t\t\t<\/div>\n\t\t\t\t\t<\/div>\n\t\t\t\t<\/div>\n\t\t<div class=\"elementor-element elementor-element-08fe5ec e-flex e-con-boxed e-con e-parent\" data-id=\"08fe5ec\" data-element_type=\"container\" data-e-type=\"container\">\n\t\t\t\t\t<div class=\"e-con-inner\">\n\t\t\t\t<div class=\"elementor-element elementor-element-a5e1bb0 elementor-widget elementor-widget-text-editor\" data-id=\"a5e1bb0\" data-element_type=\"widget\" data-e-type=\"widget\" data-widget_type=\"text-editor.default\">\n\t\t\t\t<div class=\"elementor-widget-container\">\n\t\t\t\t\t\t\t\t\t<p>Willkommen auf unserer &#8218;Katalog&#8216;-Seite von Eurolegno, wo Qualit\u00e4t auf Vielfalt trifft, um Ihnen die beste Auswahl an Klavierb\u00e4nken und -hockern zu bieten. Tauchen Sie ein in eine sorgf\u00e4ltig zusammengestellte Auswahl an Produkten, die entwickelt wurden, um jeden Bedarf und \u00e4sthetischen Geschmack zu befriedigen.<\/p>\n<h2><strong>Vielf\u00e4ltige Produktpalette<\/strong><\/h2>\n<p>Unser Katalog bietet eine breite Palette von Klavierb\u00e4nken und -hockern, jeder mit einzigartigen Eigenschaften, um verschiedenen Stilen und Vorlieben gerecht zu werden. Von den klassischen h\u00f6henverstellbaren B\u00e4nken bis zu modernen Optionen mit Notenfach repr\u00e4sentiert jedes Produkt eine perfekte Fusion aus elegantem Design und funktionaler Praktikabilit\u00e4t.<\/p>\n<h2><strong>Design und Funktionalit\u00e4t<\/strong><\/h2>\n<p>Bei Eurolegno ist jedes Produkt das Ergebnis eines sorgf\u00e4ltigen Design- und Herstellungsprozesses. Wir verwenden nur hochwertige Materialien und Handwerkstechniken, um Produkte zu gew\u00e4hrleisten, die nicht nur \u00e4sthetisch ansprechend, sondern auch robust und langlebig sind.<\/p>\n<h2><strong>Personalisierung und Innovation<\/strong><\/h2>\n<p>Wir sind stolz darauf, Anpassungsoptionen anzubieten, um unsere Klavierb\u00e4nke und -hocker an Ihre speziellen Bed\u00fcrfnisse anzupassen. Unsere kontinuierliche Innovation stellt sicher, dass jedes Produkt in Bezug auf \u00c4sthetik und Praktikabilit\u00e4t immer auf dem neuesten Stand ist.<\/p>\n<h2><strong>Erkunden Sie und w\u00e4hlen Sie mit Vertrauen aus.<\/strong><\/h2>\n<p>Wir laden Sie ein, durch unseren Katalog zu st\u00f6bern, um unser umfangreiches Angebot an Klavierb\u00e4nken und -hockern zu entdecken. Jedes Produkt wird von ausf\u00fchrlichen Beschreibungen und klaren Bildern begleitet, um Ihnen bei Ihrer Auswahl zu helfen. F\u00fcr Fragen oder um ein individuelles Angebot anzufordern, z\u00f6gern Sie nicht<strong><span style=\"color: #ff6600;\"><a style=\"color: #ff6600;\" href=\"https:\/\/www.eurolegnosrl.it\/de\/kontakt\/\">uns zu kontaktieren<\/a>.<\/span><\/strong><\/p>\n<p>W\u00e4hlen Sie Eurolegno, um Komfort, Stil und Qualit\u00e4t in Ihrem musikalischen Raum zu vereinen.<\/p>\n\t\t\t\t\t\t\t\t<\/div>\n\t\t\t\t<\/div>\n\t\t\t\t\t<\/div>\n\t\t\t\t<\/div>\n\t\t<div class=\"elementor-element elementor-element-8de9a09 e-con-full e-flex e-con e-parent\" data-id=\"8de9a09\" data-element_type=\"container\" data-e-type=\"container\" data-settings=\"{&quot;background_background&quot;:&quot;classic&quot;}\">\n\t\t<a class=\"elementor-element elementor-element-5bc3de6 e-con-full e-flex e-con e-child\" data-id=\"5bc3de6\" data-element_type=\"container\" data-e-type=\"container\" href=\"https:\/\/www.eurolegnosrl.it\/de\/p01\/\">\n\t\t\t\t<div class=\"elementor-element elementor-element-1844402 e-transform elementor-position-top elementor-widget elementor-widget-image-box\" data-id=\"1844402\" data-element_type=\"widget\" data-e-type=\"widget\" data-settings=\"{&quot;_transform_scale_effect_hover&quot;:{&quot;unit&quot;:&quot;px&quot;,&quot;size&quot;:0.9,&quot;sizes&quot;:[]},&quot;_transform_scale_effect_hover_tablet&quot;:{&quot;unit&quot;:&quot;px&quot;,&quot;size&quot;:&quot;&quot;,&quot;sizes&quot;:[]},&quot;_transform_scale_effect_hover_mobile&quot;:{&quot;unit&quot;:&quot;px&quot;,&quot;size&quot;:&quot;&quot;,&quot;sizes&quot;:[]}}\" data-widget_type=\"image-box.default\">\n\t\t\t\t<div class=\"elementor-widget-container\">\n\t\t\t\t\t<div class=\"elementor-image-box-wrapper\"><figure class=\"elementor-image-box-img\"><img fetchpriority=\"high\" decoding=\"async\" width=\"651\" height=\"324\" src=\"https:\/\/www.eurolegnosrl.it\/wp-content\/uploads\/2023\/10\/P01-3.jpg\" class=\"attachment-full size-full wp-image-1252\" alt=\"\" srcset=\"https:\/\/www.eurolegnosrl.it\/wp-content\/uploads\/2023\/10\/P01-3.jpg 651w, https:\/\/www.eurolegnosrl.it\/wp-content\/uploads\/2023\/10\/P01-3-300x149.jpg 300w\" sizes=\"(max-width: 651px) 100vw, 651px\" \/><\/figure><div class=\"elementor-image-box-content\"><h3 class=\"elementor-image-box-title\">P01<\/h3><p class=\"elementor-image-box-description\">Entdecken Sie die Klavierbank P01, die innovative L\u00f6sung f\u00fcr alle Klavierliebhaber...<\/p><\/div><\/div>\t\t\t\t<\/div>\n\t\t\t\t<\/div>\n\t\t\t\t<\/a>\n\t\t<a class=\"elementor-element elementor-element-52b447f e-con-full e-flex e-con e-child\" data-id=\"52b447f\" data-element_type=\"container\" data-e-type=\"container\" href=\"https:\/\/www.eurolegnosrl.it\/de\/p02\/\">\n\t\t\t\t<div class=\"elementor-element elementor-element-ff32402 e-transform elementor-position-top elementor-widget elementor-widget-image-box\" data-id=\"ff32402\" data-element_type=\"widget\" data-e-type=\"widget\" data-settings=\"{&quot;_transform_scale_effect_hover&quot;:{&quot;unit&quot;:&quot;px&quot;,&quot;size&quot;:0.9,&quot;sizes&quot;:[]},&quot;_transform_scale_effect_hover_tablet&quot;:{&quot;unit&quot;:&quot;px&quot;,&quot;size&quot;:&quot;&quot;,&quot;sizes&quot;:[]},&quot;_transform_scale_effect_hover_mobile&quot;:{&quot;unit&quot;:&quot;px&quot;,&quot;size&quot;:&quot;&quot;,&quot;sizes&quot;:[]}}\" data-widget_type=\"image-box.default\">\n\t\t\t\t<div class=\"elementor-widget-container\">\n\t\t\t\t\t<div class=\"elementor-image-box-wrapper\"><figure class=\"elementor-image-box-img\"><img decoding=\"async\" width=\"651\" height=\"324\" src=\"https:\/\/www.eurolegnosrl.it\/wp-content\/uploads\/2023\/10\/P02-2.jpg\" class=\"attachment-full size-full wp-image-1253\" alt=\"\" srcset=\"https:\/\/www.eurolegnosrl.it\/wp-content\/uploads\/2023\/10\/P02-2.jpg 651w, https:\/\/www.eurolegnosrl.it\/wp-content\/uploads\/2023\/10\/P02-2-300x149.jpg 300w\" sizes=\"(max-width: 651px) 100vw, 651px\" \/><\/figure><div class=\"elementor-image-box-content\"><h3 class=\"elementor-image-box-title\">P02<\/h3><p class=\"elementor-image-box-description\">Die Klavierbank P02, das unverzichtbare Accessoire f\u00fcr jeden Klavierliebhaber, der weder auf Stil noch auf Funktionalit\u00e4t verzichten m\u00f6chte...<\/p><\/div><\/div>\t\t\t\t<\/div>\n\t\t\t\t<\/div>\n\t\t\t\t<\/a>\n\t\t<a class=\"elementor-element elementor-element-c461a8d e-con-full e-flex e-con e-child\" data-id=\"c461a8d\" data-element_type=\"container\" data-e-type=\"container\" href=\"https:\/\/www.eurolegnosrl.it\/de\/p03\/\">\n\t\t\t\t<div class=\"elementor-element elementor-element-ccc09eb e-transform elementor-position-top elementor-widget elementor-widget-image-box\" data-id=\"ccc09eb\" data-element_type=\"widget\" data-e-type=\"widget\" data-settings=\"{&quot;_transform_scale_effect_hover&quot;:{&quot;unit&quot;:&quot;px&quot;,&quot;size&quot;:0.9,&quot;sizes&quot;:[]},&quot;_transform_scale_effect_hover_tablet&quot;:{&quot;unit&quot;:&quot;px&quot;,&quot;size&quot;:&quot;&quot;,&quot;sizes&quot;:[]},&quot;_transform_scale_effect_hover_mobile&quot;:{&quot;unit&quot;:&quot;px&quot;,&quot;size&quot;:&quot;&quot;,&quot;sizes&quot;:[]}}\" data-widget_type=\"image-box.default\">\n\t\t\t\t<div class=\"elementor-widget-container\">\n\t\t\t\t\t<div class=\"elementor-image-box-wrapper\"><figure class=\"elementor-image-box-img\"><img decoding=\"async\" width=\"651\" height=\"324\" src=\"https:\/\/www.eurolegnosrl.it\/wp-content\/uploads\/2023\/10\/P03-2.jpg\" class=\"attachment-full size-full wp-image-1254\" alt=\"\" srcset=\"https:\/\/www.eurolegnosrl.it\/wp-content\/uploads\/2023\/10\/P03-2.jpg 651w, https:\/\/www.eurolegnosrl.it\/wp-content\/uploads\/2023\/10\/P03-2-300x149.jpg 300w\" sizes=\"(max-width: 651px) 100vw, 651px\" \/><\/figure><div class=\"elementor-image-box-content\"><h3 class=\"elementor-image-box-title\">P03<\/h3><p class=\"elementor-image-box-description\">Die Klavierbank P03, die Verk\u00f6rperung von Eleganz und Funktionalit\u00e4t in der Welt der Klavierzubeh\u00f6rteile...<\/p><\/div><\/div>\t\t\t\t<\/div>\n\t\t\t\t<\/div>\n\t\t\t\t<\/a>\n\t\t<a class=\"elementor-element elementor-element-a9d2dc8 e-con-full e-flex e-con e-child\" data-id=\"a9d2dc8\" data-element_type=\"container\" data-e-type=\"container\" href=\"https:\/\/www.eurolegnosrl.it\/de\/p04\/\">\n\t\t\t\t<div class=\"elementor-element elementor-element-8dc8c78 e-transform elementor-position-top elementor-widget elementor-widget-image-box\" data-id=\"8dc8c78\" data-element_type=\"widget\" data-e-type=\"widget\" data-settings=\"{&quot;_transform_scale_effect_hover&quot;:{&quot;unit&quot;:&quot;px&quot;,&quot;size&quot;:0.9,&quot;sizes&quot;:[]},&quot;_transform_scale_effect_hover_tablet&quot;:{&quot;unit&quot;:&quot;px&quot;,&quot;size&quot;:&quot;&quot;,&quot;sizes&quot;:[]},&quot;_transform_scale_effect_hover_mobile&quot;:{&quot;unit&quot;:&quot;px&quot;,&quot;size&quot;:&quot;&quot;,&quot;sizes&quot;:[]}}\" data-widget_type=\"image-box.default\">\n\t\t\t\t<div class=\"elementor-widget-container\">\n\t\t\t\t\t<div class=\"elementor-image-box-wrapper\"><figure class=\"elementor-image-box-img\"><img loading=\"lazy\" decoding=\"async\" width=\"651\" height=\"324\" src=\"https:\/\/www.eurolegnosrl.it\/wp-content\/uploads\/2023\/10\/P04-2.jpg\" class=\"attachment-full size-full wp-image-1255\" alt=\"\" srcset=\"https:\/\/www.eurolegnosrl.it\/wp-content\/uploads\/2023\/10\/P04-2.jpg 651w, https:\/\/www.eurolegnosrl.it\/wp-content\/uploads\/2023\/10\/P04-2-300x149.jpg 300w\" sizes=\"(max-width: 651px) 100vw, 651px\" \/><\/figure><div class=\"elementor-image-box-content\"><h3 class=\"elementor-image-box-title\">P04<\/h3><p class=\"elementor-image-box-description\">Wir pr\u00e4sentieren die Klavierbank P04, das ultimative Accessoire f\u00fcr Klavierliebhaber und mehr...<\/p><\/div><\/div>\t\t\t\t<\/div>\n\t\t\t\t<\/div>\n\t\t\t\t<\/a>\n\t\t\t\t<\/div>\n\t\t<div class=\"elementor-element elementor-element-c5e98b1 e-con-full e-flex e-con e-parent\" data-id=\"c5e98b1\" data-element_type=\"container\" data-e-type=\"container\" data-settings=\"{&quot;background_background&quot;:&quot;classic&quot;}\">\n\t\t<a class=\"elementor-element elementor-element-049bcee e-con-full e-flex e-con e-child\" data-id=\"049bcee\" data-element_type=\"container\" data-e-type=\"container\" href=\"https:\/\/www.eurolegnosrl.it\/de\/p05\/\">\n\t\t\t\t<div class=\"elementor-element elementor-element-aa5f0a6 e-transform elementor-position-top elementor-widget elementor-widget-image-box\" data-id=\"aa5f0a6\" data-element_type=\"widget\" data-e-type=\"widget\" data-settings=\"{&quot;_transform_scale_effect_hover&quot;:{&quot;unit&quot;:&quot;px&quot;,&quot;size&quot;:0.9,&quot;sizes&quot;:[]},&quot;_transform_scale_effect_hover_tablet&quot;:{&quot;unit&quot;:&quot;px&quot;,&quot;size&quot;:&quot;&quot;,&quot;sizes&quot;:[]},&quot;_transform_scale_effect_hover_mobile&quot;:{&quot;unit&quot;:&quot;px&quot;,&quot;size&quot;:&quot;&quot;,&quot;sizes&quot;:[]}}\" data-widget_type=\"image-box.default\">\n\t\t\t\t<div class=\"elementor-widget-container\">\n\t\t\t\t\t<div class=\"elementor-image-box-wrapper\"><figure class=\"elementor-image-box-img\"><img loading=\"lazy\" decoding=\"async\" width=\"651\" height=\"324\" src=\"https:\/\/www.eurolegnosrl.it\/wp-content\/uploads\/2023\/10\/p05-2.jpg\" class=\"attachment-full size-full wp-image-1242\" alt=\"\" srcset=\"https:\/\/www.eurolegnosrl.it\/wp-content\/uploads\/2023\/10\/p05-2.jpg 651w, https:\/\/www.eurolegnosrl.it\/wp-content\/uploads\/2023\/10\/p05-2-300x149.jpg 300w\" sizes=\"(max-width: 651px) 100vw, 651px\" \/><\/figure><div class=\"elementor-image-box-content\"><h3 class=\"elementor-image-box-title\">P05<\/h3><p class=\"elementor-image-box-description\">Die Klavierbank P05 repr\u00e4sentiert die perfekte Balance zwischen Funktionalit\u00e4t und Stil...<\/p><\/div><\/div>\t\t\t\t<\/div>\n\t\t\t\t<\/div>\n\t\t\t\t<\/a>\n\t\t<a class=\"elementor-element elementor-element-21477aa e-con-full e-flex e-con e-child\" data-id=\"21477aa\" data-element_type=\"container\" data-e-type=\"container\" href=\"https:\/\/www.eurolegnosrl.it\/en\/p06-e-p07\">\n\t\t\t\t<div class=\"elementor-element elementor-element-c3736f3 e-transform elementor-position-top elementor-widget elementor-widget-image-box\" data-id=\"c3736f3\" data-element_type=\"widget\" data-e-type=\"widget\" data-settings=\"{&quot;_transform_scale_effect_hover&quot;:{&quot;unit&quot;:&quot;px&quot;,&quot;size&quot;:0.9,&quot;sizes&quot;:[]},&quot;_transform_scale_effect_hover_tablet&quot;:{&quot;unit&quot;:&quot;px&quot;,&quot;size&quot;:&quot;&quot;,&quot;sizes&quot;:[]},&quot;_transform_scale_effect_hover_mobile&quot;:{&quot;unit&quot;:&quot;px&quot;,&quot;size&quot;:&quot;&quot;,&quot;sizes&quot;:[]}}\" data-widget_type=\"image-box.default\">\n\t\t\t\t<div class=\"elementor-widget-container\">\n\t\t\t\t\t<div class=\"elementor-image-box-wrapper\"><figure class=\"elementor-image-box-img\"><img loading=\"lazy\" decoding=\"async\" width=\"651\" height=\"324\" src=\"https:\/\/www.eurolegnosrl.it\/wp-content\/uploads\/2023\/10\/p06-p07.jpg\" class=\"attachment-full size-full wp-image-1243\" alt=\"\" srcset=\"https:\/\/www.eurolegnosrl.it\/wp-content\/uploads\/2023\/10\/p06-p07.jpg 651w, https:\/\/www.eurolegnosrl.it\/wp-content\/uploads\/2023\/10\/p06-p07-300x149.jpg 300w\" sizes=\"(max-width: 651px) 100vw, 651px\" \/><\/figure><div class=\"elementor-image-box-content\"><h3 class=\"elementor-image-box-title\">P06 and P07<\/h3><p class=\"elementor-image-box-description\">Entdecken Sie unsere Klavierb\u00e4nke P06 und P07, die Essenz von Funktionalit\u00e4t in zeitlosem Design vereint...<\/p><\/div><\/div>\t\t\t\t<\/div>\n\t\t\t\t<\/div>\n\t\t\t\t<\/a>\n\t\t<a class=\"elementor-element elementor-element-d30f21b e-con-full e-flex e-con e-child\" data-id=\"d30f21b\" data-element_type=\"container\" data-e-type=\"container\" href=\"https:\/\/www.eurolegnosrl.it\/de\/p08\/\">\n\t\t\t\t<div class=\"elementor-element elementor-element-5b2258b e-transform elementor-position-top elementor-widget elementor-widget-image-box\" data-id=\"5b2258b\" data-element_type=\"widget\" data-e-type=\"widget\" data-settings=\"{&quot;_transform_scale_effect_hover&quot;:{&quot;unit&quot;:&quot;px&quot;,&quot;size&quot;:0.9,&quot;sizes&quot;:[]},&quot;_transform_scale_effect_hover_tablet&quot;:{&quot;unit&quot;:&quot;px&quot;,&quot;size&quot;:&quot;&quot;,&quot;sizes&quot;:[]},&quot;_transform_scale_effect_hover_mobile&quot;:{&quot;unit&quot;:&quot;px&quot;,&quot;size&quot;:&quot;&quot;,&quot;sizes&quot;:[]}}\" data-widget_type=\"image-box.default\">\n\t\t\t\t<div class=\"elementor-widget-container\">\n\t\t\t\t\t<div class=\"elementor-image-box-wrapper\"><figure class=\"elementor-image-box-img\"><img loading=\"lazy\" decoding=\"async\" width=\"651\" height=\"324\" src=\"https:\/\/www.eurolegnosrl.it\/wp-content\/uploads\/2023\/10\/p08-1.jpg\" class=\"attachment-full size-full wp-image-1244\" alt=\"\" srcset=\"https:\/\/www.eurolegnosrl.it\/wp-content\/uploads\/2023\/10\/p08-1.jpg 651w, https:\/\/www.eurolegnosrl.it\/wp-content\/uploads\/2023\/10\/p08-1-300x149.jpg 300w\" sizes=\"(max-width: 651px) 100vw, 651px\" \/><\/figure><div class=\"elementor-image-box-content\"><h3 class=\"elementor-image-box-title\">P08<\/h3><p class=\"elementor-image-box-description\">Wir pr\u00e4sentieren die Konzertbank P08, ein Meisterwerk aus Design und Funktionalit\u00e4t, inspiriert vom \"Empire\"-Stil...<\/p><\/div><\/div>\t\t\t\t<\/div>\n\t\t\t\t<\/div>\n\t\t\t\t<\/a>\n\t\t<a class=\"elementor-element elementor-element-01af082 e-con-full e-flex e-con e-child\" data-id=\"01af082\" data-element_type=\"container\" data-e-type=\"container\" href=\"https:\/\/www.eurolegnosrl.it\/de\/p09\/\">\n\t\t\t\t<div class=\"elementor-element elementor-element-4e4b3c7 e-transform elementor-position-top elementor-widget elementor-widget-image-box\" data-id=\"4e4b3c7\" data-element_type=\"widget\" data-e-type=\"widget\" data-settings=\"{&quot;_transform_scale_effect_hover&quot;:{&quot;unit&quot;:&quot;px&quot;,&quot;size&quot;:0.9,&quot;sizes&quot;:[]},&quot;_transform_scale_effect_hover_tablet&quot;:{&quot;unit&quot;:&quot;px&quot;,&quot;size&quot;:&quot;&quot;,&quot;sizes&quot;:[]},&quot;_transform_scale_effect_hover_mobile&quot;:{&quot;unit&quot;:&quot;px&quot;,&quot;size&quot;:&quot;&quot;,&quot;sizes&quot;:[]}}\" data-widget_type=\"image-box.default\">\n\t\t\t\t<div class=\"elementor-widget-container\">\n\t\t\t\t\t<div class=\"elementor-image-box-wrapper\"><figure class=\"elementor-image-box-img\"><img loading=\"lazy\" decoding=\"async\" width=\"651\" height=\"324\" src=\"https:\/\/www.eurolegnosrl.it\/wp-content\/uploads\/2023\/10\/p09-1.jpg\" class=\"attachment-full size-full wp-image-1245\" alt=\"\" srcset=\"https:\/\/www.eurolegnosrl.it\/wp-content\/uploads\/2023\/10\/p09-1.jpg 651w, https:\/\/www.eurolegnosrl.it\/wp-content\/uploads\/2023\/10\/p09-1-300x149.jpg 300w\" sizes=\"(max-width: 651px) 100vw, 651px\" \/><\/figure><div class=\"elementor-image-box-content\"><h3 class=\"elementor-image-box-title\">P09<\/h3><p class=\"elementor-image-box-description\">Klavierbank P09, eine innovative L\u00f6sung f\u00fcr Musikduos oder Lehrer und Sch\u00fcler...<\/p><\/div><\/div>\t\t\t\t<\/div>\n\t\t\t\t<\/div>\n\t\t\t\t<\/a>\n\t\t\t\t<\/div>\n\t\t<div class=\"elementor-element elementor-element-f0da7f6 e-con-full e-flex e-con e-parent\" data-id=\"f0da7f6\" data-element_type=\"container\" data-e-type=\"container\" data-settings=\"{&quot;background_background&quot;:&quot;classic&quot;}\">\n\t\t<a class=\"elementor-element elementor-element-37458c8 e-con-full e-flex e-con e-child\" data-id=\"37458c8\" data-element_type=\"container\" data-e-type=\"container\" href=\"https:\/\/www.eurolegnosrl.it\/en\/p10-e-p11\">\n\t\t\t\t<div class=\"elementor-element elementor-element-fcdddfc e-transform elementor-position-top elementor-widget elementor-widget-image-box\" data-id=\"fcdddfc\" data-element_type=\"widget\" data-e-type=\"widget\" data-settings=\"{&quot;_transform_scale_effect_hover&quot;:{&quot;unit&quot;:&quot;px&quot;,&quot;size&quot;:0.9,&quot;sizes&quot;:[]},&quot;_transform_scale_effect_hover_tablet&quot;:{&quot;unit&quot;:&quot;px&quot;,&quot;size&quot;:&quot;&quot;,&quot;sizes&quot;:[]},&quot;_transform_scale_effect_hover_mobile&quot;:{&quot;unit&quot;:&quot;px&quot;,&quot;size&quot;:&quot;&quot;,&quot;sizes&quot;:[]}}\" data-widget_type=\"image-box.default\">\n\t\t\t\t<div class=\"elementor-widget-container\">\n\t\t\t\t\t<div class=\"elementor-image-box-wrapper\"><figure class=\"elementor-image-box-img\"><img loading=\"lazy\" decoding=\"async\" width=\"760\" height=\"372\" src=\"https:\/\/www.eurolegnosrl.it\/wp-content\/uploads\/2023\/11\/p10_p11.jpg\" class=\"attachment-full size-full wp-image-1332\" alt=\"\" srcset=\"https:\/\/www.eurolegnosrl.it\/wp-content\/uploads\/2023\/11\/p10_p11.jpg 760w, https:\/\/www.eurolegnosrl.it\/wp-content\/uploads\/2023\/11\/p10_p11-300x147.jpg 300w\" sizes=\"(max-width: 760px) 100vw, 760px\" \/><\/figure><div class=\"elementor-image-box-content\"><h3 class=\"elementor-image-box-title\">P10 und P11<\/h3><p class=\"elementor-image-box-description\">Klavierb\u00e4nke P10 und P11, speziell f\u00fcr anspruchsvolle Organisten entworfen...<\/p><\/div><\/div>\t\t\t\t<\/div>\n\t\t\t\t<\/div>\n\t\t\t\t<\/a>\n\t\t<a class=\"elementor-element elementor-element-7a56e7d e-con-full e-flex e-con e-child\" data-id=\"7a56e7d\" data-element_type=\"container\" data-e-type=\"container\" href=\"https:\/\/www.eurolegnosrl.it\/de\/p12\/\">\n\t\t\t\t<div class=\"elementor-element elementor-element-9384d30 e-transform elementor-position-top elementor-widget elementor-widget-image-box\" data-id=\"9384d30\" data-element_type=\"widget\" data-e-type=\"widget\" data-settings=\"{&quot;_transform_scale_effect_hover&quot;:{&quot;unit&quot;:&quot;px&quot;,&quot;size&quot;:0.9,&quot;sizes&quot;:[]},&quot;_transform_scale_effect_hover_tablet&quot;:{&quot;unit&quot;:&quot;px&quot;,&quot;size&quot;:&quot;&quot;,&quot;sizes&quot;:[]},&quot;_transform_scale_effect_hover_mobile&quot;:{&quot;unit&quot;:&quot;px&quot;,&quot;size&quot;:&quot;&quot;,&quot;sizes&quot;:[]}}\" data-widget_type=\"image-box.default\">\n\t\t\t\t<div class=\"elementor-widget-container\">\n\t\t\t\t\t<div class=\"elementor-image-box-wrapper\"><figure class=\"elementor-image-box-img\"><img loading=\"lazy\" decoding=\"async\" width=\"651\" height=\"400\" src=\"https:\/\/www.eurolegnosrl.it\/wp-content\/uploads\/2023\/10\/P12-2.jpg\" class=\"attachment-full size-full wp-image-1237\" alt=\"\" srcset=\"https:\/\/www.eurolegnosrl.it\/wp-content\/uploads\/2023\/10\/P12-2.jpg 651w, https:\/\/www.eurolegnosrl.it\/wp-content\/uploads\/2023\/10\/P12-2-300x184.jpg 300w\" sizes=\"(max-width: 651px) 100vw, 651px\" \/><\/figure><div class=\"elementor-image-box-content\"><h3 class=\"elementor-image-box-title\">P12<\/h3><p class=\"elementor-image-box-description\">Klavierbank P12, Modell 'Artista', ein wahres Juwel aus Design und Funktionalit\u00e4t f\u00fcr Klavierliebhaber..<\/p><\/div><\/div>\t\t\t\t<\/div>\n\t\t\t\t<\/div>\n\t\t\t\t<\/a>\n\t\t<a class=\"elementor-element elementor-element-0383888 e-con-full e-flex e-con e-child\" data-id=\"0383888\" data-element_type=\"container\" data-e-type=\"container\" href=\"https:\/\/www.eurolegnosrl.it\/de\/p13\/\">\n\t\t\t\t<div class=\"elementor-element elementor-element-f0df219 e-transform elementor-position-top elementor-widget elementor-widget-image-box\" data-id=\"f0df219\" data-element_type=\"widget\" data-e-type=\"widget\" data-settings=\"{&quot;_transform_scale_effect_hover&quot;:{&quot;unit&quot;:&quot;px&quot;,&quot;size&quot;:0.9,&quot;sizes&quot;:[]},&quot;_transform_scale_effect_hover_tablet&quot;:{&quot;unit&quot;:&quot;px&quot;,&quot;size&quot;:&quot;&quot;,&quot;sizes&quot;:[]},&quot;_transform_scale_effect_hover_mobile&quot;:{&quot;unit&quot;:&quot;px&quot;,&quot;size&quot;:&quot;&quot;,&quot;sizes&quot;:[]}}\" data-widget_type=\"image-box.default\">\n\t\t\t\t<div class=\"elementor-widget-container\">\n\t\t\t\t\t<div class=\"elementor-image-box-wrapper\"><figure class=\"elementor-image-box-img\"><img loading=\"lazy\" decoding=\"async\" width=\"651\" height=\"400\" src=\"https:\/\/www.eurolegnosrl.it\/wp-content\/uploads\/2023\/10\/P13-2.jpg\" class=\"attachment-full size-full wp-image-1238\" alt=\"\" srcset=\"https:\/\/www.eurolegnosrl.it\/wp-content\/uploads\/2023\/10\/P13-2.jpg 651w, https:\/\/www.eurolegnosrl.it\/wp-content\/uploads\/2023\/10\/P13-2-300x184.jpg 300w\" sizes=\"(max-width: 651px) 100vw, 651px\" \/><\/figure><div class=\"elementor-image-box-content\"><h3 class=\"elementor-image-box-title\">P13<\/h3><p class=\"elementor-image-box-description\">Klavierbank P13, Modell 'Artista', ein Meisterwerk aus Handwerkskunst und Design, gedacht f\u00fcr Musikliebhaber...<\/p><\/div><\/div>\t\t\t\t<\/div>\n\t\t\t\t<\/div>\n\t\t\t\t<\/a>\n\t\t<a class=\"elementor-element elementor-element-47115b7 e-con-full e-flex e-con e-child\" data-id=\"47115b7\" data-element_type=\"container\" data-e-type=\"container\" href=\"https:\/\/www.eurolegnosrl.it\/de\/ks3\/\">\n\t\t\t\t<div class=\"elementor-element elementor-element-8da1f15 e-transform elementor-position-top elementor-widget elementor-widget-image-box\" data-id=\"8da1f15\" data-element_type=\"widget\" data-e-type=\"widget\" data-settings=\"{&quot;_transform_scale_effect_hover&quot;:{&quot;unit&quot;:&quot;px&quot;,&quot;size&quot;:0.9,&quot;sizes&quot;:[]},&quot;_transform_scale_effect_hover_tablet&quot;:{&quot;unit&quot;:&quot;px&quot;,&quot;size&quot;:&quot;&quot;,&quot;sizes&quot;:[]},&quot;_transform_scale_effect_hover_mobile&quot;:{&quot;unit&quot;:&quot;px&quot;,&quot;size&quot;:&quot;&quot;,&quot;sizes&quot;:[]}}\" data-widget_type=\"image-box.default\">\n\t\t\t\t<div class=\"elementor-widget-container\">\n\t\t\t\t\t<div class=\"elementor-image-box-wrapper\"><figure class=\"elementor-image-box-img\"><img loading=\"lazy\" decoding=\"async\" width=\"651\" height=\"400\" src=\"https:\/\/www.eurolegnosrl.it\/wp-content\/uploads\/2023\/10\/KS3-2.jpg\" class=\"attachment-full size-full wp-image-1235\" alt=\"\" srcset=\"https:\/\/www.eurolegnosrl.it\/wp-content\/uploads\/2023\/10\/KS3-2.jpg 651w, https:\/\/www.eurolegnosrl.it\/wp-content\/uploads\/2023\/10\/KS3-2-300x184.jpg 300w\" sizes=\"(max-width: 651px) 100vw, 651px\" \/><\/figure><div class=\"elementor-image-box-content\"><h3 class=\"elementor-image-box-title\">KS3<\/h3><p class=\"elementor-image-box-description\">Entdecken Sie den Hocker KS3, die perfekte L\u00f6sung f\u00fcr diejenigen, die nach einem Gleichgewicht zwischen Design und Funktionalit\u00e4t suchen. ..<\/p><\/div><\/div>\t\t\t\t<\/div>\n\t\t\t\t<\/div>\n\t\t\t\t<\/a>\n\t\t\t\t<\/div>\n\t\t<div class=\"elementor-element elementor-element-61be5a8 e-con-full e-flex e-con e-parent\" data-id=\"61be5a8\" data-element_type=\"container\" data-e-type=\"container\" data-settings=\"{&quot;background_background&quot;:&quot;classic&quot;}\">\n\t\t<a class=\"elementor-element elementor-element-296f896 e-con-full e-flex e-con e-child\" data-id=\"296f896\" data-element_type=\"container\" data-e-type=\"container\" href=\"https:\/\/www.eurolegnosrl.it\/de\/ks4\/\">\n\t\t\t\t<div class=\"elementor-element elementor-element-1262f06 e-transform elementor-position-top elementor-widget elementor-widget-image-box\" data-id=\"1262f06\" data-element_type=\"widget\" data-e-type=\"widget\" data-settings=\"{&quot;_transform_scale_effect_hover&quot;:{&quot;unit&quot;:&quot;px&quot;,&quot;size&quot;:0.9,&quot;sizes&quot;:[]},&quot;_transform_scale_effect_hover_tablet&quot;:{&quot;unit&quot;:&quot;px&quot;,&quot;size&quot;:&quot;&quot;,&quot;sizes&quot;:[]},&quot;_transform_scale_effect_hover_mobile&quot;:{&quot;unit&quot;:&quot;px&quot;,&quot;size&quot;:&quot;&quot;,&quot;sizes&quot;:[]}}\" data-widget_type=\"image-box.default\">\n\t\t\t\t<div class=\"elementor-widget-container\">\n\t\t\t\t\t<div class=\"elementor-image-box-wrapper\"><figure class=\"elementor-image-box-img\"><img loading=\"lazy\" decoding=\"async\" width=\"760\" height=\"570\" src=\"https:\/\/www.eurolegnosrl.it\/wp-content\/uploads\/2023\/10\/ks4.jpg\" class=\"attachment-full size-full wp-image-992\" alt=\"\" srcset=\"https:\/\/www.eurolegnosrl.it\/wp-content\/uploads\/2023\/10\/ks4.jpg 760w, https:\/\/www.eurolegnosrl.it\/wp-content\/uploads\/2023\/10\/ks4-300x225.jpg 300w\" sizes=\"(max-width: 760px) 100vw, 760px\" \/><\/figure><div class=\"elementor-image-box-content\"><h3 class=\"elementor-image-box-title\">KS4<\/h3><p class=\"elementor-image-box-description\">Hocker KS4, eine Verschmelzung von raffiniertem Design und unkompromisster Praktikabilit\u00e4t. Ausgestattet mit vier geformten Beinen...<\/p><\/div><\/div>\t\t\t\t<\/div>\n\t\t\t\t<\/div>\n\t\t\t\t<\/a>\n\t\t<a class=\"elementor-element elementor-element-5624c1c e-con-full e-flex e-con e-child\" data-id=\"5624c1c\" data-element_type=\"container\" data-e-type=\"container\" href=\"https:\/\/www.eurolegnosrl.it\/de\/panca-doppia\/\">\n\t\t\t\t<div class=\"elementor-element elementor-element-339be0f e-transform elementor-position-top elementor-widget elementor-widget-image-box\" data-id=\"339be0f\" data-element_type=\"widget\" data-e-type=\"widget\" data-settings=\"{&quot;_transform_scale_effect_hover&quot;:{&quot;unit&quot;:&quot;px&quot;,&quot;size&quot;:0.9,&quot;sizes&quot;:[]},&quot;_transform_scale_effect_hover_tablet&quot;:{&quot;unit&quot;:&quot;px&quot;,&quot;size&quot;:&quot;&quot;,&quot;sizes&quot;:[]},&quot;_transform_scale_effect_hover_mobile&quot;:{&quot;unit&quot;:&quot;px&quot;,&quot;size&quot;:&quot;&quot;,&quot;sizes&quot;:[]}}\" data-widget_type=\"image-box.default\">\n\t\t\t\t<div class=\"elementor-widget-container\">\n\t\t\t\t\t<div class=\"elementor-image-box-wrapper\"><figure class=\"elementor-image-box-img\"><img loading=\"lazy\" decoding=\"async\" width=\"760\" height=\"570\" src=\"https:\/\/www.eurolegnosrl.it\/wp-content\/uploads\/2023\/10\/panca_doppia.jpg\" class=\"attachment-full size-full wp-image-1003\" alt=\"\" srcset=\"https:\/\/www.eurolegnosrl.it\/wp-content\/uploads\/2023\/10\/panca_doppia.jpg 760w, https:\/\/www.eurolegnosrl.it\/wp-content\/uploads\/2023\/10\/panca_doppia-300x225.jpg 300w\" sizes=\"(max-width: 760px) 100vw, 760px\" \/><\/figure><div class=\"elementor-image-box-content\"><h3 class=\"elementor-image-box-title\">Doppelklavierbank<\/h3><p class=\"elementor-image-box-description\">Doppelklavierbank f\u00fcr Konzertpianos, ein wesentliches Element f\u00fcr jede B\u00fchne und Konzerthalle...<\/p><\/div><\/div>\t\t\t\t<\/div>\n\t\t\t\t<\/div>\n\t\t\t\t<\/a>\n\t\t<a class=\"elementor-element elementor-element-c2cf97b e-con-full e-flex e-con e-child\" data-id=\"c2cf97b\" data-element_type=\"container\" data-e-type=\"container\" href=\"https:\/\/www.eurolegnosrl.it\/de\/panca-concerto-plus\/\">\n\t\t\t\t<div class=\"elementor-element elementor-element-10b6e6a e-transform elementor-position-top elementor-widget elementor-widget-image-box\" data-id=\"10b6e6a\" data-element_type=\"widget\" data-e-type=\"widget\" data-settings=\"{&quot;_transform_scale_effect_hover&quot;:{&quot;unit&quot;:&quot;px&quot;,&quot;size&quot;:0.9,&quot;sizes&quot;:[]},&quot;_transform_scale_effect_hover_tablet&quot;:{&quot;unit&quot;:&quot;px&quot;,&quot;size&quot;:&quot;&quot;,&quot;sizes&quot;:[]},&quot;_transform_scale_effect_hover_mobile&quot;:{&quot;unit&quot;:&quot;px&quot;,&quot;size&quot;:&quot;&quot;,&quot;sizes&quot;:[]}}\" data-widget_type=\"image-box.default\">\n\t\t\t\t<div class=\"elementor-widget-container\">\n\t\t\t\t\t<div class=\"elementor-image-box-wrapper\"><figure class=\"elementor-image-box-img\"><img loading=\"lazy\" decoding=\"async\" width=\"760\" height=\"570\" src=\"https:\/\/www.eurolegnosrl.it\/wp-content\/uploads\/2023\/10\/panca_da_concerto_plus.jpg\" class=\"attachment-full size-full wp-image-1013\" alt=\"\" srcset=\"https:\/\/www.eurolegnosrl.it\/wp-content\/uploads\/2023\/10\/panca_da_concerto_plus.jpg 760w, https:\/\/www.eurolegnosrl.it\/wp-content\/uploads\/2023\/10\/panca_da_concerto_plus-300x225.jpg 300w\" sizes=\"(max-width: 760px) 100vw, 760px\" \/><\/figure><div class=\"elementor-image-box-content\"><h3 class=\"elementor-image-box-title\">Konzertklavierbank Plus<\/h3><p class=\"elementor-image-box-description\">Konzertklavierbank Plus, das ultimative Zubeh\u00f6r f\u00fcr Klavierliebhaber und Fachleute der Branche. <\/p><\/div><\/div>\t\t\t\t<\/div>\n\t\t\t\t<\/div>\n\t\t\t\t<\/a>\n\t\t<a class=\"elementor-element elementor-element-32e8170 e-con-full e-flex e-con e-child\" data-id=\"32e8170\" data-element_type=\"container\" data-e-type=\"container\" href=\"https:\/\/www.eurolegnosrl.it\/de\/panca-concerto-plus-2\">\n\t\t\t\t<div class=\"elementor-element elementor-element-c96ec4a e-transform elementor-position-top elementor-widget elementor-widget-image-box\" data-id=\"c96ec4a\" data-element_type=\"widget\" data-e-type=\"widget\" data-settings=\"{&quot;_transform_scale_effect_hover&quot;:{&quot;unit&quot;:&quot;px&quot;,&quot;size&quot;:0.9,&quot;sizes&quot;:[]},&quot;_transform_scale_effect_hover_tablet&quot;:{&quot;unit&quot;:&quot;px&quot;,&quot;size&quot;:&quot;&quot;,&quot;sizes&quot;:[]},&quot;_transform_scale_effect_hover_mobile&quot;:{&quot;unit&quot;:&quot;px&quot;,&quot;size&quot;:&quot;&quot;,&quot;sizes&quot;:[]}}\" data-widget_type=\"image-box.default\">\n\t\t\t\t<div class=\"elementor-widget-container\">\n\t\t\t\t\t<div class=\"elementor-image-box-wrapper\"><figure class=\"elementor-image-box-img\"><img loading=\"lazy\" decoding=\"async\" width=\"760\" height=\"570\" src=\"https:\/\/www.eurolegnosrl.it\/wp-content\/uploads\/2023\/10\/panca_da_concerto_plus_2.jpg\" class=\"attachment-full size-full wp-image-1017\" alt=\"\" srcset=\"https:\/\/www.eurolegnosrl.it\/wp-content\/uploads\/2023\/10\/panca_da_concerto_plus_2.jpg 760w, https:\/\/www.eurolegnosrl.it\/wp-content\/uploads\/2023\/10\/panca_da_concerto_plus_2-300x225.jpg 300w\" sizes=\"(max-width: 760px) 100vw, 760px\" \/><\/figure><div class=\"elementor-image-box-content\"><h3 class=\"elementor-image-box-title\">Konzertklavierbank Plus 2<\/h3><p class=\"elementor-image-box-description\"> Konzertklavierbank Plus 2, die neueste Entwicklung in der Welt der Konzertklavierb\u00e4nke...<\/p><\/div><\/div>\t\t\t\t<\/div>\n\t\t\t\t<\/div>\n\t\t\t\t<\/a>\n\t\t\t\t<\/div>\n\t\t\t\t<\/div>\n\t\t","protected":false},"excerpt":{"rendered":"<p>Katalog Entdecken Sie den Eurolegno-Katalog: Eine Welt der Auswahl f\u00fcr Klavierb\u00e4nke und -hocker Willkommen auf unserer &#8218;Katalog&#8216;-Seite von Eurolegno, wo Qualit\u00e4t auf Vielfalt trifft, um Ihnen die beste Auswahl an Klavierb\u00e4nken und -hockern zu bieten. Tauchen Sie ein in eine sorgf\u00e4ltig zusammengestellte Auswahl an Produkten, die entwickelt wurden, um jeden Bedarf und \u00e4sthetischen Geschmack zu [&hellip;]<\/p>\n","protected":false},"author":1,"featured_media":0,"parent":0,"menu_order":0,"comment_status":"closed","ping_status":"closed","template":"elementor_theme","meta":{"_acf_changed":false,"footnotes":""},"class_list":["post-1835","page","type-page","status-publish","hentry"],"acf":[],"yoast_head":"<!-- This site is optimized with the Yoast SEO plugin v27.1.1 - https:\/\/yoast.com\/product\/yoast-seo-wordpress\/ -->\n<title>Eurolegno-Katalog B\u00e4nke und Hocker f\u00fcr Klavier<\/title>\n<meta name=\"description\" content=\"Eurolegno-Katalog mit Klavierb\u00e4nken und Hockern, breites Sortiment an Produkten zur Unterst\u00fctzung von Musikern, mit verschiedenen Holzarten und Stoffen\" \/>\n<meta name=\"robots\" content=\"index, follow, max-snippet:-1, max-image-preview:large, max-video-preview:-1\" \/>\n<link rel=\"canonical\" href=\"https:\/\/www.eurolegnosrl.it\/de\/katalog\/\" \/>\n<meta property=\"og:locale\" content=\"de_DE\" \/>\n<meta property=\"og:type\" content=\"article\" \/>\n<meta property=\"og:title\" content=\"Eurolegno-Katalog B\u00e4nke und Hocker f\u00fcr Klavier\" \/>\n<meta property=\"og:description\" content=\"Eurolegno-Katalog mit Klavierb\u00e4nken und Hockern, breites Sortiment an Produkten zur Unterst\u00fctzung von Musikern, mit verschiedenen Holzarten und Stoffen\" \/>\n<meta property=\"og:url\" content=\"https:\/\/www.eurolegnosrl.it\/de\/katalog\/\" \/>\n<meta property=\"og:site_name\" content=\"Eurolegno Srl - Panche e sgabelli per pianoforte dal 1976\" \/>\n<meta property=\"article:modified_time\" content=\"2024-01-08T09:58:31+00:00\" \/>\n<meta property=\"og:image\" content=\"https:\/\/www.eurolegnosrl.it\/wp-content\/uploads\/2023\/10\/P01-3.jpg\" \/>\n<meta name=\"twitter:card\" content=\"summary_large_image\" \/>\n<meta name=\"twitter:label1\" content=\"Gesch\u00e4tzte Lesezeit\" \/>\n\t<meta name=\"twitter:data1\" content=\"3\u00a0Minuten\" \/>\n<script type=\"application\/ld+json\" class=\"yoast-schema-graph\">{\"@context\":\"https:\/\/schema.org\",\"@graph\":[{\"@type\":\"WebPage\",\"@id\":\"https:\/\/www.eurolegnosrl.it\/de\/katalog\/\",\"url\":\"https:\/\/www.eurolegnosrl.it\/de\/katalog\/\",\"name\":\"Eurolegno-Katalog B\u00e4nke und Hocker f\u00fcr Klavier\",\"isPartOf\":{\"@id\":\"https:\/\/www.eurolegnosrl.it\/en\/#website\"},\"primaryImageOfPage\":{\"@id\":\"https:\/\/www.eurolegnosrl.it\/de\/katalog\/#primaryimage\"},\"image\":{\"@id\":\"https:\/\/www.eurolegnosrl.it\/de\/katalog\/#primaryimage\"},\"thumbnailUrl\":\"https:\/\/www.eurolegnosrl.it\/wp-content\/uploads\/2023\/10\/P01-3.jpg\",\"datePublished\":\"2023-10-13T13:39:23+00:00\",\"dateModified\":\"2024-01-08T09:58:31+00:00\",\"description\":\"Eurolegno-Katalog mit Klavierb\u00e4nken und Hockern, breites Sortiment an Produkten zur Unterst\u00fctzung von Musikern, mit verschiedenen Holzarten und Stoffen\",\"breadcrumb\":{\"@id\":\"https:\/\/www.eurolegnosrl.it\/de\/katalog\/#breadcrumb\"},\"inLanguage\":\"de\",\"potentialAction\":[{\"@type\":\"ReadAction\",\"target\":[\"https:\/\/www.eurolegnosrl.it\/de\/katalog\/\"]}]},{\"@type\":\"ImageObject\",\"inLanguage\":\"de\",\"@id\":\"https:\/\/www.eurolegnosrl.it\/de\/katalog\/#primaryimage\",\"url\":\"https:\/\/www.eurolegnosrl.it\/wp-content\/uploads\/2023\/10\/P01-3.jpg\",\"contentUrl\":\"https:\/\/www.eurolegnosrl.it\/wp-content\/uploads\/2023\/10\/P01-3.jpg\"},{\"@type\":\"BreadcrumbList\",\"@id\":\"https:\/\/www.eurolegnosrl.it\/de\/katalog\/#breadcrumb\",\"itemListElement\":[{\"@type\":\"ListItem\",\"position\":1,\"name\":\"Home\",\"item\":\"https:\/\/www.eurolegnosrl.it\/de\/\"},{\"@type\":\"ListItem\",\"position\":2,\"name\":\"Katalog\"}]},{\"@type\":\"WebSite\",\"@id\":\"https:\/\/www.eurolegnosrl.it\/en\/#website\",\"url\":\"https:\/\/www.eurolegnosrl.it\/en\/\",\"name\":\"Eurolegno Srl - Panche e sgabelli per pianoforte dal 1976\",\"description\":\"\",\"publisher\":{\"@id\":\"https:\/\/www.eurolegnosrl.it\/en\/#organization\"},\"potentialAction\":[{\"@type\":\"SearchAction\",\"target\":{\"@type\":\"EntryPoint\",\"urlTemplate\":\"https:\/\/www.eurolegnosrl.it\/en\/?s={search_term_string}\"},\"query-input\":{\"@type\":\"PropertyValueSpecification\",\"valueRequired\":true,\"valueName\":\"search_term_string\"}}],\"inLanguage\":\"de\"},{\"@type\":\"Organization\",\"@id\":\"https:\/\/www.eurolegnosrl.it\/en\/#organization\",\"name\":\"Eurolegno Srl - Panche e sgabelli per pianoforte dal 1976\",\"url\":\"https:\/\/www.eurolegnosrl.it\/en\/\",\"logo\":{\"@type\":\"ImageObject\",\"inLanguage\":\"de\",\"@id\":\"https:\/\/www.eurolegnosrl.it\/en\/#\/schema\/logo\/image\/\",\"url\":\"https:\/\/www.eurolegnosrl.it\/wp-content\/uploads\/2023\/09\/logo.png\",\"contentUrl\":\"https:\/\/www.eurolegnosrl.it\/wp-content\/uploads\/2023\/09\/logo.png\",\"width\":266,\"height\":59,\"caption\":\"Eurolegno Srl - Panche e sgabelli per pianoforte dal 1976\"},\"image\":{\"@id\":\"https:\/\/www.eurolegnosrl.it\/en\/#\/schema\/logo\/image\/\"}}]}<\/script>\n<!-- \/ Yoast SEO plugin. -->","yoast_head_json":{"title":"Eurolegno-Katalog B\u00e4nke und Hocker f\u00fcr Klavier","description":"Eurolegno-Katalog mit Klavierb\u00e4nken und Hockern, breites Sortiment an Produkten zur Unterst\u00fctzung von Musikern, mit verschiedenen Holzarten und Stoffen","robots":{"index":"index","follow":"follow","max-snippet":"max-snippet:-1","max-image-preview":"max-image-preview:large","max-video-preview":"max-video-preview:-1"},"canonical":"https:\/\/www.eurolegnosrl.it\/de\/katalog\/","og_locale":"de_DE","og_type":"article","og_title":"Eurolegno-Katalog B\u00e4nke und Hocker f\u00fcr Klavier","og_description":"Eurolegno-Katalog mit Klavierb\u00e4nken und Hockern, breites Sortiment an Produkten zur Unterst\u00fctzung von Musikern, mit verschiedenen Holzarten und Stoffen","og_url":"https:\/\/www.eurolegnosrl.it\/de\/katalog\/","og_site_name":"Eurolegno Srl - Panche e sgabelli per pianoforte dal 1976","article_modified_time":"2024-01-08T09:58:31+00:00","og_image":[{"url":"https:\/\/www.eurolegnosrl.it\/wp-content\/uploads\/2023\/10\/P01-3.jpg","type":"","width":"","height":""}],"twitter_card":"summary_large_image","twitter_misc":{"Gesch\u00e4tzte Lesezeit":"3\u00a0Minuten"},"schema":{"@context":"https:\/\/schema.org","@graph":[{"@type":"WebPage","@id":"https:\/\/www.eurolegnosrl.it\/de\/katalog\/","url":"https:\/\/www.eurolegnosrl.it\/de\/katalog\/","name":"Eurolegno-Katalog B\u00e4nke und Hocker f\u00fcr Klavier","isPartOf":{"@id":"https:\/\/www.eurolegnosrl.it\/en\/#website"},"primaryImageOfPage":{"@id":"https:\/\/www.eurolegnosrl.it\/de\/katalog\/#primaryimage"},"image":{"@id":"https:\/\/www.eurolegnosrl.it\/de\/katalog\/#primaryimage"},"thumbnailUrl":"https:\/\/www.eurolegnosrl.it\/wp-content\/uploads\/2023\/10\/P01-3.jpg","datePublished":"2023-10-13T13:39:23+00:00","dateModified":"2024-01-08T09:58:31+00:00","description":"Eurolegno-Katalog mit Klavierb\u00e4nken und Hockern, breites Sortiment an Produkten zur Unterst\u00fctzung von Musikern, mit verschiedenen Holzarten und Stoffen","breadcrumb":{"@id":"https:\/\/www.eurolegnosrl.it\/de\/katalog\/#breadcrumb"},"inLanguage":"de","potentialAction":[{"@type":"ReadAction","target":["https:\/\/www.eurolegnosrl.it\/de\/katalog\/"]}]},{"@type":"ImageObject","inLanguage":"de","@id":"https:\/\/www.eurolegnosrl.it\/de\/katalog\/#primaryimage","url":"https:\/\/www.eurolegnosrl.it\/wp-content\/uploads\/2023\/10\/P01-3.jpg","contentUrl":"https:\/\/www.eurolegnosrl.it\/wp-content\/uploads\/2023\/10\/P01-3.jpg"},{"@type":"BreadcrumbList","@id":"https:\/\/www.eurolegnosrl.it\/de\/katalog\/#breadcrumb","itemListElement":[{"@type":"ListItem","position":1,"name":"Home","item":"https:\/\/www.eurolegnosrl.it\/de\/"},{"@type":"ListItem","position":2,"name":"Katalog"}]},{"@type":"WebSite","@id":"https:\/\/www.eurolegnosrl.it\/en\/#website","url":"https:\/\/www.eurolegnosrl.it\/en\/","name":"Eurolegno Srl - Panche e sgabelli per pianoforte dal 1976","description":"","publisher":{"@id":"https:\/\/www.eurolegnosrl.it\/en\/#organization"},"potentialAction":[{"@type":"SearchAction","target":{"@type":"EntryPoint","urlTemplate":"https:\/\/www.eurolegnosrl.it\/en\/?s={search_term_string}"},"query-input":{"@type":"PropertyValueSpecification","valueRequired":true,"valueName":"search_term_string"}}],"inLanguage":"de"},{"@type":"Organization","@id":"https:\/\/www.eurolegnosrl.it\/en\/#organization","name":"Eurolegno Srl - Panche e sgabelli per pianoforte dal 1976","url":"https:\/\/www.eurolegnosrl.it\/en\/","logo":{"@type":"ImageObject","inLanguage":"de","@id":"https:\/\/www.eurolegnosrl.it\/en\/#\/schema\/logo\/image\/","url":"https:\/\/www.eurolegnosrl.it\/wp-content\/uploads\/2023\/09\/logo.png","contentUrl":"https:\/\/www.eurolegnosrl.it\/wp-content\/uploads\/2023\/09\/logo.png","width":266,"height":59,"caption":"Eurolegno Srl - Panche e sgabelli per pianoforte dal 1976"},"image":{"@id":"https:\/\/www.eurolegnosrl.it\/en\/#\/schema\/logo\/image\/"}}]}},"_links":{"self":[{"href":"https:\/\/www.eurolegnosrl.it\/de\/wp-json\/wp\/v2\/pages\/1835","targetHints":{"allow":["GET"]}}],"collection":[{"href":"https:\/\/www.eurolegnosrl.it\/de\/wp-json\/wp\/v2\/pages"}],"about":[{"href":"https:\/\/www.eurolegnosrl.it\/de\/wp-json\/wp\/v2\/types\/page"}],"author":[{"embeddable":true,"href":"https:\/\/www.eurolegnosrl.it\/de\/wp-json\/wp\/v2\/users\/1"}],"replies":[{"embeddable":true,"href":"https:\/\/www.eurolegnosrl.it\/de\/wp-json\/wp\/v2\/comments?post=1835"}],"version-history":[{"count":5,"href":"https:\/\/www.eurolegnosrl.it\/de\/wp-json\/wp\/v2\/pages\/1835\/revisions"}],"predecessor-version":[{"id":2100,"href":"https:\/\/www.eurolegnosrl.it\/de\/wp-json\/wp\/v2\/pages\/1835\/revisions\/2100"}],"wp:attachment":[{"href":"https:\/\/www.eurolegnosrl.it\/de\/wp-json\/wp\/v2\/media?parent=1835"}],"curies":[{"name":"wp","href":"https:\/\/api.w.org\/{rel}","templated":true}]}}