{"id":1979,"date":"2023-11-13T09:04:22","date_gmt":"2023-11-13T08:04:22","guid":{"rendered":"https:\/\/www.eurolegnosrl.it\/hoelzer\/"},"modified":"2024-02-19T09:43:13","modified_gmt":"2024-02-19T08:43:13","slug":"hoelzer","status":"publish","type":"page","link":"https:\/\/www.eurolegnosrl.it\/de\/hoelzer\/","title":{"rendered":"H\u00f6lzer"},"content":{"rendered":"\t\t<div data-elementor-type=\"wp-page\" data-elementor-id=\"1979\" class=\"elementor elementor-1979 elementor-1367\" data-elementor-post-type=\"page\">\n\t\t\t\t<div class=\"elementor-element elementor-element-3e025b0 e-con-full e-flex e-con e-parent\" data-id=\"3e025b0\" data-element_type=\"container\" data-e-type=\"container\" data-settings=\"{&quot;background_background&quot;:&quot;classic&quot;}\">\n\t\t<div class=\"elementor-element elementor-element-dce47bb e-con-full e-flex e-con e-child\" data-id=\"dce47bb\" data-element_type=\"container\" data-e-type=\"container\">\n\t\t\t\t<div class=\"elementor-element elementor-element-91caeb1 elementor-widget elementor-widget-heading\" data-id=\"91caeb1\" data-element_type=\"widget\" data-e-type=\"widget\" data-widget_type=\"heading.default\">\n\t\t\t\t<div class=\"elementor-widget-container\">\n\t\t\t\t\t<h2 class=\"elementor-heading-title elementor-size-default\">H\u00f6lzer<\/h2>\t\t\t\t<\/div>\n\t\t\t\t<\/div>\n\t\t\t\t<\/div>\n\t\t\t\t<\/div>\n\t\t<div class=\"elementor-element elementor-element-328957d e-flex e-con-boxed e-con e-parent\" data-id=\"328957d\" data-element_type=\"container\" data-e-type=\"container\" data-settings=\"{&quot;background_background&quot;:&quot;classic&quot;}\">\n\t\t\t\t\t<div class=\"e-con-inner\">\n\t\t\t\t<div class=\"elementor-element elementor-element-909acae elementor-icon-list--layout-traditional elementor-list-item-link-full_width elementor-widget elementor-widget-icon-list\" data-id=\"909acae\" data-element_type=\"widget\" data-e-type=\"widget\" data-widget_type=\"icon-list.default\">\n\t\t\t\t<div class=\"elementor-widget-container\">\n\t\t\t\t\t\t\t<ul class=\"elementor-icon-list-items\">\n\t\t\t\t\t\t\t<li class=\"elementor-icon-list-item\">\n\t\t\t\t\t\t\t\t\t\t<span class=\"elementor-icon-list-text\">Alle Holzarten, die f\u00fcr unsere Klavierb\u00e4nke und -hocker verwendet werden.<\/span>\n\t\t\t\t\t\t\t\t\t<\/li>\n\t\t\t\t\t\t<\/ul>\n\t\t\t\t\t\t<\/div>\n\t\t\t\t<\/div>\n\t\t\t\t\t<\/div>\n\t\t\t\t<\/div>\n\t\t<div class=\"elementor-element elementor-element-45b5d06 e-flex e-con-boxed e-con e-parent\" data-id=\"45b5d06\" data-element_type=\"container\" data-e-type=\"container\">\n\t\t\t\t\t<div class=\"e-con-inner\">\n\t\t\t\t<div class=\"elementor-element elementor-element-8705c1d elementor-widget elementor-widget-text-editor\" data-id=\"8705c1d\" data-element_type=\"widget\" data-e-type=\"widget\" data-widget_type=\"text-editor.default\">\n\t\t\t\t<div class=\"elementor-widget-container\">\n\t\t\t\t\t\t\t\t\t<p>Willkommen auf unserer exklusiven &#8222;H\u00f6lzer&#8220;-Seite von Eurolegno, wo die Leidenschaft f\u00fcr Musik auf die Sch\u00f6nheit der Natur trifft. Entdecken Sie unsere sorgf\u00e4ltige Auswahl erlesener H\u00f6lzer, von jedem aufgrund seiner einzigartigen Eigenschaften und seiner F\u00e4higkeit ausgew\u00e4hlt, eine einfache Klavierbank oder ein Klavierhocker in ein Kunstwerk zu verwandeln.<\/p>\n<h2><strong>Eine Reise durch Farben und Texturen.<\/strong><\/h2>\n<p>Von warmen und einh\u00fcllenden T\u00f6nen von Walnuss und Mahagoni bis zu den eleganten Schattierungen von Eiche und Kirschholz, und von modernen und raffinierten Wei\u00df-, Elfenbein- und Schwarzt\u00f6nen &#8211; jedes Holz erz\u00e4hlt eine Geschichte, jede Maserung offenbart einen Charakter. Unser Sortiment umfasst auch exotisches Palisander und Teakholz und bietet Optionen f\u00fcr jeden Geschmack und Stil.<\/p>\n<h2><strong>Qualit\u00e4t und Nachhaltigkeit: Unsere grundlegenden Werte.<\/strong><\/h2>\n<p>Bei Eurolegno glauben wir fest an Nachhaltigkeit und den Umweltschutz. Jedes Holzst\u00fcck wird sorgf\u00e4ltig ausgew\u00e4hlt und mit handwerklichen Techniken bearbeitet, um nicht nur ein qualitativ hochwertiges Endprodukt, sondern auch Umweltschutz sicherzustellen.<\/p>\n<h2><strong>Individualisierung und Handwerkskunst.<\/strong><\/h2>\n<p>Wir sind stolz darauf, Anpassungsoptionen anzubieten, um unsere Klavierb\u00e4nke und -hocker an Ihre speziellen Bed\u00fcrfnisse anzupassen. Unsere handwerkliche Meisterschaft stellt sicher, dass jedes Produkt nicht nur \u00e4sthetisch ansprechend, sondern auch funktional und langlebig ist.<\/p>\n<h2><strong>Einladung zur Entdeckung<\/strong><\/h2>\n<p>Wir laden Sie ein, durch unsere Fotogalerie zu bl\u00e4ttern, um die Sch\u00f6nheit und Vielfalt unserer H\u00f6lzer zu bewundern. F\u00fchlen Sie sich frei, uns f\u00fcr Fragen oder ein individuelles Angebot zu <strong><span style=\"color: #ff6600;\"><a style=\"color: #ff6600;\" href=\"https:\/\/www.eurolegnosrl.it\/de\/kontakt\/\">kontaktieren<\/a><\/span><\/strong> W\u00e4hlen Sie Eurolegno, um Ihrem Musikraum einen Hauch von Eleganz und Qualit\u00e4t hinzuzuf\u00fcgen.<\/p>\n\t\t\t\t\t\t\t\t<\/div>\n\t\t\t\t<\/div>\n\t\t\t\t\t<\/div>\n\t\t\t\t<\/div>\n\t\t<div class=\"elementor-element elementor-element-8de9a09 e-flex e-con-boxed e-con e-parent\" data-id=\"8de9a09\" data-element_type=\"container\" data-e-type=\"container\" data-settings=\"{&quot;background_background&quot;:&quot;classic&quot;}\">\n\t\t\t\t\t<div class=\"e-con-inner\">\n\t\t<a class=\"elementor-element elementor-element-a9d2dc8 e-con-full e-flex e-con e-child\" data-id=\"a9d2dc8\" data-element_type=\"container\" data-e-type=\"container\">\n\t\t\t\t<div class=\"elementor-element elementor-element-8dc8c78 e-transform elementor-position-top elementor-widget elementor-widget-image-box\" data-id=\"8dc8c78\" data-element_type=\"widget\" data-e-type=\"widget\" data-settings=\"{&quot;_transform_scale_effect_hover&quot;:{&quot;unit&quot;:&quot;px&quot;,&quot;size&quot;:0.9,&quot;sizes&quot;:[]},&quot;_transform_scale_effect_hover_tablet&quot;:{&quot;unit&quot;:&quot;px&quot;,&quot;size&quot;:&quot;&quot;,&quot;sizes&quot;:[]},&quot;_transform_scale_effect_hover_mobile&quot;:{&quot;unit&quot;:&quot;px&quot;,&quot;size&quot;:&quot;&quot;,&quot;sizes&quot;:[]}}\" data-widget_type=\"image-box.default\">\n\t\t\t\t<div class=\"elementor-widget-container\">\n\t\t\t\t\t<div class=\"elementor-image-box-wrapper\"><figure class=\"elementor-image-box-img\"><img fetchpriority=\"high\" decoding=\"async\" width=\"500\" height=\"500\" src=\"https:\/\/www.eurolegnosrl.it\/wp-content\/uploads\/2023\/11\/colore-querchia-chiara.jpg\" class=\"attachment-full size-full wp-image-1387\" alt=\"\" srcset=\"https:\/\/www.eurolegnosrl.it\/wp-content\/uploads\/2023\/11\/colore-querchia-chiara.jpg 500w, https:\/\/www.eurolegnosrl.it\/wp-content\/uploads\/2023\/11\/colore-querchia-chiara-300x300.jpg 300w, https:\/\/www.eurolegnosrl.it\/wp-content\/uploads\/2023\/11\/colore-querchia-chiara-150x150.jpg 150w\" sizes=\"(max-width: 500px) 100vw, 500px\" \/><\/figure><div class=\"elementor-image-box-content\"><h3 class=\"elementor-image-box-title\">Helles Eichenholz.<\/h3><p class=\"elementor-image-box-description\">Bekannt f\u00fcr ihre Robustheit und ihre warme Farbe, ist die helle Eiche perfekt f\u00fcr diejenigen, die einen klassischen und zeitlosen Look suchen und die \u00c4sthetik unserer Klavierhocker und -b\u00e4nke sch\u00e4tzen.<\/p><\/div><\/div>\t\t\t\t<\/div>\n\t\t\t\t<\/div>\n\t\t\t\t<\/a>\n\t\t<a class=\"elementor-element elementor-element-51b5698 e-con-full e-flex e-con e-child\" data-id=\"51b5698\" data-element_type=\"container\" data-e-type=\"container\">\n\t\t\t\t<div class=\"elementor-element elementor-element-e4294d2 e-transform elementor-position-top elementor-widget elementor-widget-image-box\" data-id=\"e4294d2\" data-element_type=\"widget\" data-e-type=\"widget\" data-settings=\"{&quot;_transform_scale_effect_hover&quot;:{&quot;unit&quot;:&quot;px&quot;,&quot;size&quot;:0.9,&quot;sizes&quot;:[]},&quot;_transform_scale_effect_hover_tablet&quot;:{&quot;unit&quot;:&quot;px&quot;,&quot;size&quot;:&quot;&quot;,&quot;sizes&quot;:[]},&quot;_transform_scale_effect_hover_mobile&quot;:{&quot;unit&quot;:&quot;px&quot;,&quot;size&quot;:&quot;&quot;,&quot;sizes&quot;:[]}}\" data-widget_type=\"image-box.default\">\n\t\t\t\t<div class=\"elementor-widget-container\">\n\t\t\t\t\t<div class=\"elementor-image-box-wrapper\"><figure class=\"elementor-image-box-img\"><img decoding=\"async\" width=\"500\" height=\"500\" src=\"https:\/\/www.eurolegnosrl.it\/wp-content\/uploads\/2023\/11\/colore-noce-scurissima.jpg\" class=\"attachment-full size-full wp-image-1384\" alt=\"\" srcset=\"https:\/\/www.eurolegnosrl.it\/wp-content\/uploads\/2023\/11\/colore-noce-scurissima.jpg 500w, https:\/\/www.eurolegnosrl.it\/wp-content\/uploads\/2023\/11\/colore-noce-scurissima-300x300.jpg 300w, https:\/\/www.eurolegnosrl.it\/wp-content\/uploads\/2023\/11\/colore-noce-scurissima-150x150.jpg 150w\" sizes=\"(max-width: 500px) 100vw, 500px\" \/><\/figure><div class=\"elementor-image-box-content\"><h3 class=\"elementor-image-box-title\">Dunkles Nussbaumholz.<\/h3><p class=\"elementor-image-box-description\">Das dunkelste Nussbaumholz, mit seinen tiefen und reichen T\u00f6nen, verleiht ein raffiniertes und elegantes Aussehen und bereichert das Design unserer Klavierartikel.<\/p><\/div><\/div>\t\t\t\t<\/div>\n\t\t\t\t<\/div>\n\t\t\t\t<\/a>\n\t\t<a class=\"elementor-element elementor-element-f4c510c e-con-full e-flex e-con e-child\" data-id=\"f4c510c\" data-element_type=\"container\" data-e-type=\"container\">\n\t\t\t\t<div class=\"elementor-element elementor-element-1d68da2 e-transform elementor-position-top elementor-widget elementor-widget-image-box\" data-id=\"1d68da2\" data-element_type=\"widget\" data-e-type=\"widget\" data-settings=\"{&quot;_transform_scale_effect_hover&quot;:{&quot;unit&quot;:&quot;px&quot;,&quot;size&quot;:0.9,&quot;sizes&quot;:[]},&quot;_transform_scale_effect_hover_tablet&quot;:{&quot;unit&quot;:&quot;px&quot;,&quot;size&quot;:&quot;&quot;,&quot;sizes&quot;:[]},&quot;_transform_scale_effect_hover_mobile&quot;:{&quot;unit&quot;:&quot;px&quot;,&quot;size&quot;:&quot;&quot;,&quot;sizes&quot;:[]}}\" data-widget_type=\"image-box.default\">\n\t\t\t\t<div class=\"elementor-widget-container\">\n\t\t\t\t\t<div class=\"elementor-image-box-wrapper\"><figure class=\"elementor-image-box-img\"><img decoding=\"async\" width=\"500\" height=\"500\" src=\"https:\/\/www.eurolegnosrl.it\/wp-content\/uploads\/2023\/11\/colore-ciliegio.jpg\" class=\"attachment-full size-full wp-image-1375\" alt=\"\" srcset=\"https:\/\/www.eurolegnosrl.it\/wp-content\/uploads\/2023\/11\/colore-ciliegio.jpg 500w, https:\/\/www.eurolegnosrl.it\/wp-content\/uploads\/2023\/11\/colore-ciliegio-300x300.jpg 300w, https:\/\/www.eurolegnosrl.it\/wp-content\/uploads\/2023\/11\/colore-ciliegio-150x150.jpg 150w\" sizes=\"(max-width: 500px) 100vw, 500px\" \/><\/figure><div class=\"elementor-image-box-content\"><h3 class=\"elementor-image-box-title\">Kirschholz<\/h3><p class=\"elementor-image-box-description\">Geliebt f\u00fcr seine intensive rote Farbe und seine feine Maserung, verleiht die Kirschholzoptik eine warme und raffinierte Note und hebt den Stil unserer Klaviersitze hervor.<\/p><\/div><\/div>\t\t\t\t<\/div>\n\t\t\t\t<\/div>\n\t\t\t\t<\/a>\n\t\t<a class=\"elementor-element elementor-element-c3175e3 e-con-full e-flex e-con e-child\" data-id=\"c3175e3\" data-element_type=\"container\" data-e-type=\"container\">\n\t\t\t\t<div class=\"elementor-element elementor-element-b8719ed e-transform elementor-position-top elementor-widget elementor-widget-image-box\" data-id=\"b8719ed\" data-element_type=\"widget\" data-e-type=\"widget\" data-settings=\"{&quot;_transform_scale_effect_hover&quot;:{&quot;unit&quot;:&quot;px&quot;,&quot;size&quot;:0.9,&quot;sizes&quot;:[]},&quot;_transform_scale_effect_hover_tablet&quot;:{&quot;unit&quot;:&quot;px&quot;,&quot;size&quot;:&quot;&quot;,&quot;sizes&quot;:[]},&quot;_transform_scale_effect_hover_mobile&quot;:{&quot;unit&quot;:&quot;px&quot;,&quot;size&quot;:&quot;&quot;,&quot;sizes&quot;:[]}}\" data-widget_type=\"image-box.default\">\n\t\t\t\t<div class=\"elementor-widget-container\">\n\t\t\t\t\t<div class=\"elementor-image-box-wrapper\"><figure class=\"elementor-image-box-img\"><img loading=\"lazy\" decoding=\"async\" width=\"500\" height=\"500\" src=\"https:\/\/www.eurolegnosrl.it\/wp-content\/uploads\/2023\/11\/colore-noce-chiara.jpg\" class=\"attachment-full size-full wp-image-1380\" alt=\"\" srcset=\"https:\/\/www.eurolegnosrl.it\/wp-content\/uploads\/2023\/11\/colore-noce-chiara.jpg 500w, https:\/\/www.eurolegnosrl.it\/wp-content\/uploads\/2023\/11\/colore-noce-chiara-300x300.jpg 300w, https:\/\/www.eurolegnosrl.it\/wp-content\/uploads\/2023\/11\/colore-noce-chiara-150x150.jpg 150w\" sizes=\"(max-width: 500px) 100vw, 500px\" \/><\/figure><div class=\"elementor-image-box-content\"><h3 class=\"elementor-image-box-title\">Helles Nussbaumholz<\/h3><p class=\"elementor-image-box-description\">Das helle Nussbaumholz mit seinen dunklen und einh\u00fcllenden Nuancen strahlt einen raffinierten Charme aus und verst\u00e4rkt die Eleganz unserer Klavierzubeh\u00f6rteile.<\/p><\/div><\/div>\t\t\t\t<\/div>\n\t\t\t\t<\/div>\n\t\t\t\t<\/a>\n\t\t\t\t\t<\/div>\n\t\t\t\t<\/div>\n\t\t<div class=\"elementor-element elementor-element-0eba10c e-flex e-con-boxed e-con e-parent\" data-id=\"0eba10c\" data-element_type=\"container\" data-e-type=\"container\" data-settings=\"{&quot;background_background&quot;:&quot;classic&quot;}\">\n\t\t\t\t\t<div class=\"e-con-inner\">\n\t\t<a class=\"elementor-element elementor-element-d8d7efc e-con-full e-flex e-con e-child\" data-id=\"d8d7efc\" data-element_type=\"container\" data-e-type=\"container\">\n\t\t\t\t<div class=\"elementor-element elementor-element-f1b483d e-transform elementor-position-top elementor-widget elementor-widget-image-box\" data-id=\"f1b483d\" data-element_type=\"widget\" data-e-type=\"widget\" data-settings=\"{&quot;_transform_scale_effect_hover&quot;:{&quot;unit&quot;:&quot;px&quot;,&quot;size&quot;:0.9,&quot;sizes&quot;:[]},&quot;_transform_scale_effect_hover_tablet&quot;:{&quot;unit&quot;:&quot;px&quot;,&quot;size&quot;:&quot;&quot;,&quot;sizes&quot;:[]},&quot;_transform_scale_effect_hover_mobile&quot;:{&quot;unit&quot;:&quot;px&quot;,&quot;size&quot;:&quot;&quot;,&quot;sizes&quot;:[]}}\" data-widget_type=\"image-box.default\">\n\t\t\t\t<div class=\"elementor-widget-container\">\n\t\t\t\t\t<div class=\"elementor-image-box-wrapper\"><figure class=\"elementor-image-box-img\"><img loading=\"lazy\" decoding=\"async\" width=\"500\" height=\"500\" src=\"https:\/\/www.eurolegnosrl.it\/wp-content\/uploads\/2023\/11\/colore-noce-media.jpg\" class=\"attachment-full size-full wp-image-1381\" alt=\"\" srcset=\"https:\/\/www.eurolegnosrl.it\/wp-content\/uploads\/2023\/11\/colore-noce-media.jpg 500w, https:\/\/www.eurolegnosrl.it\/wp-content\/uploads\/2023\/11\/colore-noce-media-300x300.jpg 300w, https:\/\/www.eurolegnosrl.it\/wp-content\/uploads\/2023\/11\/colore-noce-media-150x150.jpg 150w\" sizes=\"(max-width: 500px) 100vw, 500px\" \/><\/figure><div class=\"elementor-image-box-content\"><h3 class=\"elementor-image-box-title\">Mittlere Eiche<\/h3><p class=\"elementor-image-box-description\">Die helle Eiche, bekannt f\u00fcr ihre Robustheit und warme Farbe, ist perfekt f\u00fcr diejenigen, die einen klassischen und zeitlosen Look suchen und die Sch\u00f6nheit unserer Produkte f\u00fcr Pianisten betonen m\u00f6chten.<\/p><\/div><\/div>\t\t\t\t<\/div>\n\t\t\t\t<\/div>\n\t\t\t\t<\/a>\n\t\t<a class=\"elementor-element elementor-element-9550138 e-con-full e-flex e-con e-child\" data-id=\"9550138\" data-element_type=\"container\" data-e-type=\"container\">\n\t\t\t\t<div class=\"elementor-element elementor-element-cfe308d e-transform elementor-position-top elementor-widget elementor-widget-image-box\" data-id=\"cfe308d\" data-element_type=\"widget\" data-e-type=\"widget\" data-settings=\"{&quot;_transform_scale_effect_hover&quot;:{&quot;unit&quot;:&quot;px&quot;,&quot;size&quot;:0.9,&quot;sizes&quot;:[]},&quot;_transform_scale_effect_hover_tablet&quot;:{&quot;unit&quot;:&quot;px&quot;,&quot;size&quot;:&quot;&quot;,&quot;sizes&quot;:[]},&quot;_transform_scale_effect_hover_mobile&quot;:{&quot;unit&quot;:&quot;px&quot;,&quot;size&quot;:&quot;&quot;,&quot;sizes&quot;:[]}}\" data-widget_type=\"image-box.default\">\n\t\t\t\t<div class=\"elementor-widget-container\">\n\t\t\t\t\t<div class=\"elementor-image-box-wrapper\"><figure class=\"elementor-image-box-img\"><img loading=\"lazy\" decoding=\"async\" width=\"500\" height=\"500\" src=\"https:\/\/www.eurolegnosrl.it\/wp-content\/uploads\/2023\/11\/colore-noce-scura.jpg\" class=\"attachment-full size-full wp-image-1383\" alt=\"\" srcset=\"https:\/\/www.eurolegnosrl.it\/wp-content\/uploads\/2023\/11\/colore-noce-scura.jpg 500w, https:\/\/www.eurolegnosrl.it\/wp-content\/uploads\/2023\/11\/colore-noce-scura-300x300.jpg 300w, https:\/\/www.eurolegnosrl.it\/wp-content\/uploads\/2023\/11\/colore-noce-scura-150x150.jpg 150w\" sizes=\"(max-width: 500px) 100vw, 500px\" \/><\/figure><div class=\"elementor-image-box-content\"><h3 class=\"elementor-image-box-title\">Nussbaum in dunkler Ausf\u00fchrung<\/h3><p class=\"elementor-image-box-description\">Das dunkle Nussbaumholz, mit seinen intensiven und einh\u00fcllenden Nuancen, strahlt ein Gef\u00fchl von Luxus und raffinierter Eleganz aus und verst\u00e4rkt die Eleganz unserer Klavierzubeh\u00f6rteile.<\/p><\/div><\/div>\t\t\t\t<\/div>\n\t\t\t\t<\/div>\n\t\t\t\t<\/a>\n\t\t<a class=\"elementor-element elementor-element-f09bd1e e-con-full e-flex e-con e-child\" data-id=\"f09bd1e\" data-element_type=\"container\" data-e-type=\"container\">\n\t\t\t\t<div class=\"elementor-element elementor-element-cfcd8a2 e-transform elementor-position-top elementor-widget elementor-widget-image-box\" data-id=\"cfcd8a2\" data-element_type=\"widget\" data-e-type=\"widget\" data-settings=\"{&quot;_transform_scale_effect_hover&quot;:{&quot;unit&quot;:&quot;px&quot;,&quot;size&quot;:0.9,&quot;sizes&quot;:[]},&quot;_transform_scale_effect_hover_tablet&quot;:{&quot;unit&quot;:&quot;px&quot;,&quot;size&quot;:&quot;&quot;,&quot;sizes&quot;:[]},&quot;_transform_scale_effect_hover_mobile&quot;:{&quot;unit&quot;:&quot;px&quot;,&quot;size&quot;:&quot;&quot;,&quot;sizes&quot;:[]}}\" data-widget_type=\"image-box.default\">\n\t\t\t\t<div class=\"elementor-widget-container\">\n\t\t\t\t\t<div class=\"elementor-image-box-wrapper\"><figure class=\"elementor-image-box-img\"><img loading=\"lazy\" decoding=\"async\" width=\"500\" height=\"500\" src=\"https:\/\/www.eurolegnosrl.it\/wp-content\/uploads\/2023\/11\/colore-mogano-medio.jpg\" class=\"attachment-full size-full wp-image-1377\" alt=\"\" srcset=\"https:\/\/www.eurolegnosrl.it\/wp-content\/uploads\/2023\/11\/colore-mogano-medio.jpg 500w, https:\/\/www.eurolegnosrl.it\/wp-content\/uploads\/2023\/11\/colore-mogano-medio-300x300.jpg 300w, https:\/\/www.eurolegnosrl.it\/wp-content\/uploads\/2023\/11\/colore-mogano-medio-150x150.jpg 150w\" sizes=\"(max-width: 500px) 100vw, 500px\" \/><\/figure><div class=\"elementor-image-box-content\"><h3 class=\"elementor-image-box-title\">Mahagoni in mittlerer Ausf\u00fchrung<\/h3><p class=\"elementor-image-box-description\">Il mogano \u00e8 celebre per la sua durabilit\u00e0 e il suo colore intenso, ideale per un'atmosfera lussuosa, rivitalizza il look delle nostre sedute per pianoforte.<\/p><\/div><\/div>\t\t\t\t<\/div>\n\t\t\t\t<\/div>\n\t\t\t\t<\/a>\n\t\t<a class=\"elementor-element elementor-element-cc52981 e-con-full e-flex e-con e-child\" data-id=\"cc52981\" data-element_type=\"container\" data-e-type=\"container\">\n\t\t\t\t<div class=\"elementor-element elementor-element-4ed2e53 e-transform elementor-position-top elementor-widget elementor-widget-image-box\" data-id=\"4ed2e53\" data-element_type=\"widget\" data-e-type=\"widget\" data-settings=\"{&quot;_transform_scale_effect_hover&quot;:{&quot;unit&quot;:&quot;px&quot;,&quot;size&quot;:0.9,&quot;sizes&quot;:[]},&quot;_transform_scale_effect_hover_tablet&quot;:{&quot;unit&quot;:&quot;px&quot;,&quot;size&quot;:&quot;&quot;,&quot;sizes&quot;:[]},&quot;_transform_scale_effect_hover_mobile&quot;:{&quot;unit&quot;:&quot;px&quot;,&quot;size&quot;:&quot;&quot;,&quot;sizes&quot;:[]}}\" data-widget_type=\"image-box.default\">\n\t\t\t\t<div class=\"elementor-widget-container\">\n\t\t\t\t\t<div class=\"elementor-image-box-wrapper\"><figure class=\"elementor-image-box-img\"><img loading=\"lazy\" decoding=\"async\" width=\"500\" height=\"500\" src=\"https:\/\/www.eurolegnosrl.it\/wp-content\/uploads\/2023\/11\/colore-palissandro.jpg\" class=\"attachment-full size-full wp-image-1385\" alt=\"\" srcset=\"https:\/\/www.eurolegnosrl.it\/wp-content\/uploads\/2023\/11\/colore-palissandro.jpg 500w, https:\/\/www.eurolegnosrl.it\/wp-content\/uploads\/2023\/11\/colore-palissandro-300x300.jpg 300w, https:\/\/www.eurolegnosrl.it\/wp-content\/uploads\/2023\/11\/colore-palissandro-150x150.jpg 150w\" sizes=\"(max-width: 500px) 100vw, 500px\" \/><\/figure><div class=\"elementor-image-box-content\"><h3 class=\"elementor-image-box-title\">Palisanderholz<\/h3><p class=\"elementor-image-box-description\">Dieses exotische Holz wird f\u00fcr seine einzigartigen Maserungen und lebendige Farbe gesch\u00e4tzt und erh\u00f6ht den \u00e4sthetischen Wert unserer Klavierb\u00e4nke und -hocker.<\/p><\/div><\/div>\t\t\t\t<\/div>\n\t\t\t\t<\/div>\n\t\t\t\t<\/a>\n\t\t\t\t\t<\/div>\n\t\t\t\t<\/div>\n\t\t<div class=\"elementor-element elementor-element-7e8e923 e-flex e-con-boxed e-con e-parent\" data-id=\"7e8e923\" data-element_type=\"container\" data-e-type=\"container\" data-settings=\"{&quot;background_background&quot;:&quot;classic&quot;}\">\n\t\t\t\t\t<div class=\"e-con-inner\">\n\t\t<a class=\"elementor-element elementor-element-3935642 e-con-full e-flex e-con e-child\" data-id=\"3935642\" data-element_type=\"container\" data-e-type=\"container\">\n\t\t\t\t<div class=\"elementor-element elementor-element-19d806b e-transform elementor-position-top elementor-widget elementor-widget-image-box\" data-id=\"19d806b\" data-element_type=\"widget\" data-e-type=\"widget\" data-settings=\"{&quot;_transform_scale_effect_hover&quot;:{&quot;unit&quot;:&quot;px&quot;,&quot;size&quot;:0.9,&quot;sizes&quot;:[]},&quot;_transform_scale_effect_hover_tablet&quot;:{&quot;unit&quot;:&quot;px&quot;,&quot;size&quot;:&quot;&quot;,&quot;sizes&quot;:[]},&quot;_transform_scale_effect_hover_mobile&quot;:{&quot;unit&quot;:&quot;px&quot;,&quot;size&quot;:&quot;&quot;,&quot;sizes&quot;:[]}}\" data-widget_type=\"image-box.default\">\n\t\t\t\t<div class=\"elementor-widget-container\">\n\t\t\t\t\t<div class=\"elementor-image-box-wrapper\"><figure class=\"elementor-image-box-img\"><img loading=\"lazy\" decoding=\"async\" width=\"500\" height=\"500\" src=\"https:\/\/www.eurolegnosrl.it\/wp-content\/uploads\/2023\/11\/legno-colore-bianco.jpg\" class=\"attachment-full size-full wp-image-1469\" alt=\"\" srcset=\"https:\/\/www.eurolegnosrl.it\/wp-content\/uploads\/2023\/11\/legno-colore-bianco.jpg 500w, https:\/\/www.eurolegnosrl.it\/wp-content\/uploads\/2023\/11\/legno-colore-bianco-300x300.jpg 300w, https:\/\/www.eurolegnosrl.it\/wp-content\/uploads\/2023\/11\/legno-colore-bianco-150x150.jpg 150w\" sizes=\"(max-width: 500px) 100vw, 500px\" \/><\/figure><div class=\"elementor-image-box-content\"><h3 class=\"elementor-image-box-title\">Wei\u00df<\/h3><p class=\"elementor-image-box-description\">Das wei\u00dfe, reine und helle Finish verwandelt unsere Klavierb\u00e4nke und -hocker in elegante M\u00f6belst\u00fccke, ideal f\u00fcr moderne und minimalistische R\u00e4ume.<\/p><\/div><\/div>\t\t\t\t<\/div>\n\t\t\t\t<\/div>\n\t\t\t\t<\/a>\n\t\t<a class=\"elementor-element elementor-element-827704a e-con-full e-flex e-con e-child\" data-id=\"827704a\" data-element_type=\"container\" data-e-type=\"container\">\n\t\t\t\t<div class=\"elementor-element elementor-element-03bcf62 e-transform elementor-position-top elementor-widget elementor-widget-image-box\" data-id=\"03bcf62\" data-element_type=\"widget\" data-e-type=\"widget\" data-settings=\"{&quot;_transform_scale_effect_hover&quot;:{&quot;unit&quot;:&quot;px&quot;,&quot;size&quot;:0.9,&quot;sizes&quot;:[]},&quot;_transform_scale_effect_hover_tablet&quot;:{&quot;unit&quot;:&quot;px&quot;,&quot;size&quot;:&quot;&quot;,&quot;sizes&quot;:[]},&quot;_transform_scale_effect_hover_mobile&quot;:{&quot;unit&quot;:&quot;px&quot;,&quot;size&quot;:&quot;&quot;,&quot;sizes&quot;:[]}}\" data-widget_type=\"image-box.default\">\n\t\t\t\t<div class=\"elementor-widget-container\">\n\t\t\t\t\t<div class=\"elementor-image-box-wrapper\"><figure class=\"elementor-image-box-img\"><img loading=\"lazy\" decoding=\"async\" width=\"500\" height=\"500\" src=\"https:\/\/www.eurolegnosrl.it\/wp-content\/uploads\/2023\/11\/colore-avorio.jpg\" class=\"attachment-full size-full wp-image-1373\" alt=\"\" srcset=\"https:\/\/www.eurolegnosrl.it\/wp-content\/uploads\/2023\/11\/colore-avorio.jpg 500w, https:\/\/www.eurolegnosrl.it\/wp-content\/uploads\/2023\/11\/colore-avorio-300x300.jpg 300w, https:\/\/www.eurolegnosrl.it\/wp-content\/uploads\/2023\/11\/colore-avorio-150x150.jpg 150w\" sizes=\"(max-width: 500px) 100vw, 500px\" \/><\/figure><div class=\"elementor-image-box-content\"><h3 class=\"elementor-image-box-title\">Els\u00e4sser<\/h3><p class=\"elementor-image-box-description\">Ivory, mit seinen zarten Schattierungen, verleiht unseren Klavierb\u00e4nken und -hockern eine warme Eleganz, die perfekt f\u00fcr klassische Umgebungen geeignet ist.<\/p><\/div><\/div>\t\t\t\t<\/div>\n\t\t\t\t<\/div>\n\t\t\t\t<\/a>\n\t\t<a class=\"elementor-element elementor-element-312726a e-con-full e-flex e-con e-child\" data-id=\"312726a\" data-element_type=\"container\" data-e-type=\"container\">\n\t\t\t\t<div class=\"elementor-element elementor-element-d4587db e-transform elementor-position-top elementor-widget elementor-widget-image-box\" data-id=\"d4587db\" data-element_type=\"widget\" data-e-type=\"widget\" data-settings=\"{&quot;_transform_scale_effect_hover&quot;:{&quot;unit&quot;:&quot;px&quot;,&quot;size&quot;:0.9,&quot;sizes&quot;:[]},&quot;_transform_scale_effect_hover_tablet&quot;:{&quot;unit&quot;:&quot;px&quot;,&quot;size&quot;:&quot;&quot;,&quot;sizes&quot;:[]},&quot;_transform_scale_effect_hover_mobile&quot;:{&quot;unit&quot;:&quot;px&quot;,&quot;size&quot;:&quot;&quot;,&quot;sizes&quot;:[]}}\" data-widget_type=\"image-box.default\">\n\t\t\t\t<div class=\"elementor-widget-container\">\n\t\t\t\t\t<div class=\"elementor-image-box-wrapper\"><figure class=\"elementor-image-box-img\"><img loading=\"lazy\" decoding=\"async\" width=\"500\" height=\"500\" src=\"https:\/\/www.eurolegnosrl.it\/wp-content\/uploads\/2023\/11\/colore-nero.jpg\" class=\"attachment-full size-full wp-image-1379\" alt=\"\" srcset=\"https:\/\/www.eurolegnosrl.it\/wp-content\/uploads\/2023\/11\/colore-nero.jpg 500w, https:\/\/www.eurolegnosrl.it\/wp-content\/uploads\/2023\/11\/colore-nero-300x300.jpg 300w, https:\/\/www.eurolegnosrl.it\/wp-content\/uploads\/2023\/11\/colore-nero-150x150.jpg 150w\" sizes=\"(max-width: 500px) 100vw, 500px\" \/><\/figure><div class=\"elementor-image-box-content\"><h3 class=\"elementor-image-box-title\">Schwarz<\/h3><p class=\"elementor-image-box-description\">Schwarz, klassisch und anspruchsvoll, verleiht unseren Klavierb\u00e4nken und -hockern ein raffiniertes modernes Aussehen, das ideal f\u00fcr zeitgem\u00e4\u00dfes Design in Innenr\u00e4umen ist.<\/p><\/div><\/div>\t\t\t\t<\/div>\n\t\t\t\t<\/div>\n\t\t\t\t<\/a>\n\t\t<a class=\"elementor-element elementor-element-f55362c e-con-full e-flex e-con e-child\" data-id=\"f55362c\" data-element_type=\"container\" data-e-type=\"container\">\n\t\t\t\t<div class=\"elementor-element elementor-element-6c35308 e-transform elementor-position-top elementor-widget elementor-widget-image-box\" data-id=\"6c35308\" data-element_type=\"widget\" data-e-type=\"widget\" data-settings=\"{&quot;_transform_scale_effect_hover&quot;:{&quot;unit&quot;:&quot;px&quot;,&quot;size&quot;:0.9,&quot;sizes&quot;:[]},&quot;_transform_scale_effect_hover_tablet&quot;:{&quot;unit&quot;:&quot;px&quot;,&quot;size&quot;:&quot;&quot;,&quot;sizes&quot;:[]},&quot;_transform_scale_effect_hover_mobile&quot;:{&quot;unit&quot;:&quot;px&quot;,&quot;size&quot;:&quot;&quot;,&quot;sizes&quot;:[]}}\" data-widget_type=\"image-box.default\">\n\t\t\t\t<div class=\"elementor-widget-container\">\n\t\t\t\t\t<div class=\"elementor-image-box-wrapper\"><figure class=\"elementor-image-box-img\"><img loading=\"lazy\" decoding=\"async\" width=\"500\" height=\"500\" src=\"https:\/\/www.eurolegnosrl.it\/wp-content\/uploads\/2023\/11\/colore-palissandro-rosso.jpg\" class=\"attachment-full size-full wp-image-1386\" alt=\"\" srcset=\"https:\/\/www.eurolegnosrl.it\/wp-content\/uploads\/2023\/11\/colore-palissandro-rosso.jpg 500w, https:\/\/www.eurolegnosrl.it\/wp-content\/uploads\/2023\/11\/colore-palissandro-rosso-300x300.jpg 300w, https:\/\/www.eurolegnosrl.it\/wp-content\/uploads\/2023\/11\/colore-palissandro-rosso-150x150.jpg 150w\" sizes=\"(max-width: 500px) 100vw, 500px\" \/><\/figure><div class=\"elementor-image-box-content\"><h3 class=\"elementor-image-box-title\">Rotes Palisanderholz<\/h3><p class=\"elementor-image-box-description\">Das Rote Palisanderholz, mit seinen einzigartigen Maserungen und seiner reichen, lebhaften Farbe, wird f\u00fcr sein exotisches Aussehen und seine nat\u00fcrliche Eleganz gesch\u00e4tzt.<\/p><\/div><\/div>\t\t\t\t<\/div>\n\t\t\t\t<\/div>\n\t\t\t\t<\/a>\n\t\t\t\t\t<\/div>\n\t\t\t\t<\/div>\n\t\t<div class=\"elementor-element elementor-element-4612b30 e-flex e-con-boxed e-con e-parent\" data-id=\"4612b30\" data-element_type=\"container\" data-e-type=\"container\" data-settings=\"{&quot;background_background&quot;:&quot;classic&quot;}\">\n\t\t\t\t\t<div class=\"e-con-inner\">\n\t\t<a class=\"elementor-element elementor-element-72e707c e-con-full e-flex e-con e-child\" data-id=\"72e707c\" data-element_type=\"container\" data-e-type=\"container\">\n\t\t\t\t<div class=\"elementor-element elementor-element-a493985 e-transform elementor-position-top elementor-widget elementor-widget-image-box\" data-id=\"a493985\" data-element_type=\"widget\" data-e-type=\"widget\" data-settings=\"{&quot;_transform_scale_effect_hover&quot;:{&quot;unit&quot;:&quot;px&quot;,&quot;size&quot;:0.9,&quot;sizes&quot;:[]},&quot;_transform_scale_effect_hover_tablet&quot;:{&quot;unit&quot;:&quot;px&quot;,&quot;size&quot;:&quot;&quot;,&quot;sizes&quot;:[]},&quot;_transform_scale_effect_hover_mobile&quot;:{&quot;unit&quot;:&quot;px&quot;,&quot;size&quot;:&quot;&quot;,&quot;sizes&quot;:[]}}\" data-widget_type=\"image-box.default\">\n\t\t\t\t<div class=\"elementor-widget-container\">\n\t\t\t\t\t<div class=\"elementor-image-box-wrapper\"><figure class=\"elementor-image-box-img\"><img loading=\"lazy\" decoding=\"async\" width=\"500\" height=\"500\" src=\"https:\/\/www.eurolegnosrl.it\/wp-content\/uploads\/2023\/11\/colore-teak.jpg\" class=\"attachment-full size-full wp-image-1372\" alt=\"\" srcset=\"https:\/\/www.eurolegnosrl.it\/wp-content\/uploads\/2023\/11\/colore-teak.jpg 500w, https:\/\/www.eurolegnosrl.it\/wp-content\/uploads\/2023\/11\/colore-teak-300x300.jpg 300w, https:\/\/www.eurolegnosrl.it\/wp-content\/uploads\/2023\/11\/colore-teak-150x150.jpg 150w\" sizes=\"(max-width: 500px) 100vw, 500px\" \/><\/figure><div class=\"elementor-image-box-content\"><h3 class=\"elementor-image-box-title\">Teakholz<\/h3><p class=\"elementor-image-box-description\">Robust und mit seiner warmen Farbe ist Teakholz perfekt und betont die Sch\u00f6nheit unserer Produkte f\u00fcr Pianisten.<\/p><\/div><\/div>\t\t\t\t<\/div>\n\t\t\t\t<\/div>\n\t\t\t\t<\/a>\n\t\t<a class=\"elementor-element elementor-element-0b4e90f e-con-full e-flex e-con e-child\" data-id=\"0b4e90f\" data-element_type=\"container\" data-e-type=\"container\">\n\t\t\t\t<div class=\"elementor-element elementor-element-9477279 e-transform elementor-position-top elementor-widget elementor-widget-image-box\" data-id=\"9477279\" data-element_type=\"widget\" data-e-type=\"widget\" data-settings=\"{&quot;_transform_scale_effect_hover&quot;:{&quot;unit&quot;:&quot;px&quot;,&quot;size&quot;:0.9,&quot;sizes&quot;:[]},&quot;_transform_scale_effect_hover_tablet&quot;:{&quot;unit&quot;:&quot;px&quot;,&quot;size&quot;:&quot;&quot;,&quot;sizes&quot;:[]},&quot;_transform_scale_effect_hover_mobile&quot;:{&quot;unit&quot;:&quot;px&quot;,&quot;size&quot;:&quot;&quot;,&quot;sizes&quot;:[]}}\" data-widget_type=\"image-box.default\">\n\t\t\t\t<div class=\"elementor-widget-container\">\n\t\t\t\t\t<div class=\"elementor-image-box-wrapper\"><figure class=\"elementor-image-box-img\"><img loading=\"lazy\" decoding=\"async\" width=\"500\" height=\"500\" src=\"https:\/\/www.eurolegnosrl.it\/wp-content\/uploads\/2023\/11\/colore-mogano-scuro.jpg\" class=\"attachment-full size-full wp-image-1378\" alt=\"\" srcset=\"https:\/\/www.eurolegnosrl.it\/wp-content\/uploads\/2023\/11\/colore-mogano-scuro.jpg 500w, https:\/\/www.eurolegnosrl.it\/wp-content\/uploads\/2023\/11\/colore-mogano-scuro-300x300.jpg 300w, https:\/\/www.eurolegnosrl.it\/wp-content\/uploads\/2023\/11\/colore-mogano-scuro-150x150.jpg 150w\" sizes=\"(max-width: 500px) 100vw, 500px\" \/><\/figure><div class=\"elementor-image-box-content\"><h3 class=\"elementor-image-box-title\">Dunkles Mahagoni<\/h3><p class=\"elementor-image-box-description\">Das dunkle Mahagoni, bekannt f\u00fcr seine Robustheit und seine reiche und tiefe Farbe, steigert den Charme unserer Klavierb\u00e4nke und -hocker.<\/p><\/div><\/div>\t\t\t\t<\/div>\n\t\t\t\t<\/div>\n\t\t\t\t<\/a>\n\t\t<a class=\"elementor-element elementor-element-0741ec1 e-con-full e-flex e-con e-child\" data-id=\"0741ec1\" data-element_type=\"container\" data-e-type=\"container\">\n\t\t\t\t<div class=\"elementor-element elementor-element-a646c5a e-transform elementor-position-top elementor-widget elementor-widget-image-box\" data-id=\"a646c5a\" data-element_type=\"widget\" data-e-type=\"widget\" data-settings=\"{&quot;_transform_scale_effect_hover&quot;:{&quot;unit&quot;:&quot;px&quot;,&quot;size&quot;:0.9,&quot;sizes&quot;:[]},&quot;_transform_scale_effect_hover_tablet&quot;:{&quot;unit&quot;:&quot;px&quot;,&quot;size&quot;:&quot;&quot;,&quot;sizes&quot;:[]},&quot;_transform_scale_effect_hover_mobile&quot;:{&quot;unit&quot;:&quot;px&quot;,&quot;size&quot;:&quot;&quot;,&quot;sizes&quot;:[]}}\" data-widget_type=\"image-box.default\">\n\t\t\t\t<div class=\"elementor-widget-container\">\n\t\t\t\t\t<div class=\"elementor-image-box-wrapper\"><figure class=\"elementor-image-box-img\"><img loading=\"lazy\" decoding=\"async\" width=\"500\" height=\"500\" src=\"https:\/\/www.eurolegnosrl.it\/wp-content\/uploads\/2023\/11\/colore-faggio-naturale.jpg\" class=\"attachment-full size-full wp-image-1376\" alt=\"\" srcset=\"https:\/\/www.eurolegnosrl.it\/wp-content\/uploads\/2023\/11\/colore-faggio-naturale.jpg 500w, https:\/\/www.eurolegnosrl.it\/wp-content\/uploads\/2023\/11\/colore-faggio-naturale-300x300.jpg 300w, https:\/\/www.eurolegnosrl.it\/wp-content\/uploads\/2023\/11\/colore-faggio-naturale-150x150.jpg 150w\" sizes=\"(max-width: 500px) 100vw, 500px\" \/><\/figure><div class=\"elementor-image-box-content\"><h3 class=\"elementor-image-box-title\">Buchenholz in Naturausf\u00fchrung<\/h3><p class=\"elementor-image-box-description\">Die warme und nat\u00fcrliche Farbgebung der Buche versch\u00f6nert unsere Klavierb\u00e4nke und -hocker und bringt in jeden musikalischen Raum einen Hauch authentischer Sch\u00f6nheit und Robustheit.<\/p><\/div><\/div>\t\t\t\t<\/div>\n\t\t\t\t<\/div>\n\t\t\t\t<\/a>\n\t\t<a class=\"elementor-element elementor-element-921d13f e-con-full e-flex e-con e-child\" data-id=\"921d13f\" data-element_type=\"container\" data-e-type=\"container\">\n\t\t\t\t<div class=\"elementor-element elementor-element-534a08c e-transform elementor-position-top elementor-widget elementor-widget-image-box\" data-id=\"534a08c\" data-element_type=\"widget\" data-e-type=\"widget\" data-settings=\"{&quot;_transform_scale_effect_hover&quot;:{&quot;unit&quot;:&quot;px&quot;,&quot;size&quot;:0.9,&quot;sizes&quot;:[]},&quot;_transform_scale_effect_hover_tablet&quot;:{&quot;unit&quot;:&quot;px&quot;,&quot;size&quot;:&quot;&quot;,&quot;sizes&quot;:[]},&quot;_transform_scale_effect_hover_mobile&quot;:{&quot;unit&quot;:&quot;px&quot;,&quot;size&quot;:&quot;&quot;,&quot;sizes&quot;:[]}}\" data-widget_type=\"image-box.default\">\n\t\t\t\t<div class=\"elementor-widget-container\">\n\t\t\t\t\t<div class=\"elementor-image-box-wrapper\"><figure class=\"elementor-image-box-img\"><img loading=\"lazy\" decoding=\"async\" width=\"500\" height=\"500\" src=\"https:\/\/www.eurolegnosrl.it\/wp-content\/uploads\/2023\/11\/colore-noce-rosso.jpg\" class=\"attachment-full size-full wp-image-1382\" alt=\"\" srcset=\"https:\/\/www.eurolegnosrl.it\/wp-content\/uploads\/2023\/11\/colore-noce-rosso.jpg 500w, https:\/\/www.eurolegnosrl.it\/wp-content\/uploads\/2023\/11\/colore-noce-rosso-300x300.jpg 300w, https:\/\/www.eurolegnosrl.it\/wp-content\/uploads\/2023\/11\/colore-noce-rosso-150x150.jpg 150w\" sizes=\"(max-width: 500px) 100vw, 500px\" \/><\/figure><div class=\"elementor-image-box-content\"><h3 class=\"elementor-image-box-title\">R\u00f6tliches Nussbaumholz<\/h3><p class=\"elementor-image-box-description\">Diese tiefe und warme Farbgebung verleiht unseren Klavierb\u00e4nken und -hockern einen unverwechselbaren Charakter und zeitlose Eleganz, perfekt f\u00fcr anspruchsvolle Umgebungen.<\/p><\/div><\/div>\t\t\t\t<\/div>\n\t\t\t\t<\/div>\n\t\t\t\t<\/a>\n\t\t\t\t\t<\/div>\n\t\t\t\t<\/div>\n\t\t\t\t<\/div>\n\t\t","protected":false},"excerpt":{"rendered":"<p>H\u00f6lzer Alle Holzarten, die f\u00fcr unsere Klavierb\u00e4nke und -hocker verwendet werden. Willkommen auf unserer exklusiven &#8222;H\u00f6lzer&#8220;-Seite von Eurolegno, wo die Leidenschaft f\u00fcr Musik auf die Sch\u00f6nheit der Natur trifft. Entdecken Sie unsere sorgf\u00e4ltige Auswahl erlesener H\u00f6lzer, von jedem aufgrund seiner einzigartigen Eigenschaften und seiner F\u00e4higkeit ausgew\u00e4hlt, eine einfache Klavierbank oder ein Klavierhocker in ein Kunstwerk [&hellip;]<\/p>\n","protected":false},"author":1,"featured_media":0,"parent":0,"menu_order":0,"comment_status":"closed","ping_status":"closed","template":"elementor_theme","meta":{"_acf_changed":false,"footnotes":""},"class_list":["post-1979","page","type-page","status-publish","hentry"],"acf":[],"yoast_head":"<!-- This site is optimized with the Yoast SEO plugin v27.1.1 - https:\/\/yoast.com\/product\/yoast-seo-wordpress\/ -->\n<title>Klavierb\u00e4nke aus Holz - Eurolegno srl<\/title>\n<meta name=\"description\" content=\"H\u00f6lzer f\u00fcr Klavierb\u00e4nke \u2013 Entdecken Sie unsere sorgf\u00e4ltige Auswahl an edlen H\u00f6lzern, die jeweils aufgrund ihrer einzigartigen Eigenschaften und ... ausgew\u00e4hlt wurden.\" \/>\n<meta name=\"robots\" content=\"index, follow, max-snippet:-1, max-image-preview:large, max-video-preview:-1\" \/>\n<link rel=\"canonical\" href=\"https:\/\/www.eurolegnosrl.it\/de\/hoelzer\/\" \/>\n<meta property=\"og:locale\" content=\"de_DE\" \/>\n<meta property=\"og:type\" content=\"article\" \/>\n<meta property=\"og:title\" content=\"Klavierb\u00e4nke aus Holz - Eurolegno srl\" \/>\n<meta property=\"og:description\" content=\"H\u00f6lzer f\u00fcr Klavierb\u00e4nke \u2013 Entdecken Sie unsere sorgf\u00e4ltige Auswahl an edlen H\u00f6lzern, die jeweils aufgrund ihrer einzigartigen Eigenschaften und ... ausgew\u00e4hlt wurden.\" \/>\n<meta property=\"og:url\" content=\"https:\/\/www.eurolegnosrl.it\/de\/hoelzer\/\" \/>\n<meta property=\"og:site_name\" content=\"Eurolegno Srl - Panche e sgabelli per pianoforte dal 1976\" \/>\n<meta property=\"article:modified_time\" content=\"2024-02-19T08:43:13+00:00\" \/>\n<meta property=\"og:image\" content=\"https:\/\/www.eurolegnosrl.it\/wp-content\/uploads\/2023\/11\/colore-querchia-chiara.jpg\" \/>\n<meta name=\"twitter:card\" content=\"summary_large_image\" \/>\n<meta name=\"twitter:label1\" content=\"Gesch\u00e4tzte Lesezeit\" \/>\n\t<meta name=\"twitter:data1\" content=\"3\u00a0Minuten\" \/>\n<script type=\"application\/ld+json\" class=\"yoast-schema-graph\">{\"@context\":\"https:\/\/schema.org\",\"@graph\":[{\"@type\":\"WebPage\",\"@id\":\"https:\/\/www.eurolegnosrl.it\/de\/hoelzer\/\",\"url\":\"https:\/\/www.eurolegnosrl.it\/de\/hoelzer\/\",\"name\":\"Klavierb\u00e4nke aus Holz - Eurolegno srl\",\"isPartOf\":{\"@id\":\"https:\/\/www.eurolegnosrl.it\/en\/#website\"},\"primaryImageOfPage\":{\"@id\":\"https:\/\/www.eurolegnosrl.it\/de\/hoelzer\/#primaryimage\"},\"image\":{\"@id\":\"https:\/\/www.eurolegnosrl.it\/de\/hoelzer\/#primaryimage\"},\"thumbnailUrl\":\"https:\/\/www.eurolegnosrl.it\/wp-content\/uploads\/2023\/11\/colore-querchia-chiara.jpg\",\"datePublished\":\"2023-11-13T08:04:22+00:00\",\"dateModified\":\"2024-02-19T08:43:13+00:00\",\"description\":\"H\u00f6lzer f\u00fcr Klavierb\u00e4nke \u2013 Entdecken Sie unsere sorgf\u00e4ltige Auswahl an edlen H\u00f6lzern, die jeweils aufgrund ihrer einzigartigen Eigenschaften und ... ausgew\u00e4hlt wurden.\",\"breadcrumb\":{\"@id\":\"https:\/\/www.eurolegnosrl.it\/de\/hoelzer\/#breadcrumb\"},\"inLanguage\":\"de\",\"potentialAction\":[{\"@type\":\"ReadAction\",\"target\":[\"https:\/\/www.eurolegnosrl.it\/de\/hoelzer\/\"]}]},{\"@type\":\"ImageObject\",\"inLanguage\":\"de\",\"@id\":\"https:\/\/www.eurolegnosrl.it\/de\/hoelzer\/#primaryimage\",\"url\":\"https:\/\/www.eurolegnosrl.it\/wp-content\/uploads\/2023\/11\/colore-querchia-chiara.jpg\",\"contentUrl\":\"https:\/\/www.eurolegnosrl.it\/wp-content\/uploads\/2023\/11\/colore-querchia-chiara.jpg\"},{\"@type\":\"BreadcrumbList\",\"@id\":\"https:\/\/www.eurolegnosrl.it\/de\/hoelzer\/#breadcrumb\",\"itemListElement\":[{\"@type\":\"ListItem\",\"position\":1,\"name\":\"Home\",\"item\":\"https:\/\/www.eurolegnosrl.it\/de\/\"},{\"@type\":\"ListItem\",\"position\":2,\"name\":\"H\u00f6lzer\"}]},{\"@type\":\"WebSite\",\"@id\":\"https:\/\/www.eurolegnosrl.it\/en\/#website\",\"url\":\"https:\/\/www.eurolegnosrl.it\/en\/\",\"name\":\"Eurolegno Srl - Panche e sgabelli per pianoforte dal 1976\",\"description\":\"\",\"publisher\":{\"@id\":\"https:\/\/www.eurolegnosrl.it\/en\/#organization\"},\"potentialAction\":[{\"@type\":\"SearchAction\",\"target\":{\"@type\":\"EntryPoint\",\"urlTemplate\":\"https:\/\/www.eurolegnosrl.it\/en\/?s={search_term_string}\"},\"query-input\":{\"@type\":\"PropertyValueSpecification\",\"valueRequired\":true,\"valueName\":\"search_term_string\"}}],\"inLanguage\":\"de\"},{\"@type\":\"Organization\",\"@id\":\"https:\/\/www.eurolegnosrl.it\/en\/#organization\",\"name\":\"Eurolegno Srl - Panche e sgabelli per pianoforte dal 1976\",\"url\":\"https:\/\/www.eurolegnosrl.it\/en\/\",\"logo\":{\"@type\":\"ImageObject\",\"inLanguage\":\"de\",\"@id\":\"https:\/\/www.eurolegnosrl.it\/en\/#\/schema\/logo\/image\/\",\"url\":\"https:\/\/www.eurolegnosrl.it\/wp-content\/uploads\/2023\/09\/logo.png\",\"contentUrl\":\"https:\/\/www.eurolegnosrl.it\/wp-content\/uploads\/2023\/09\/logo.png\",\"width\":266,\"height\":59,\"caption\":\"Eurolegno Srl - Panche e sgabelli per pianoforte dal 1976\"},\"image\":{\"@id\":\"https:\/\/www.eurolegnosrl.it\/en\/#\/schema\/logo\/image\/\"}}]}<\/script>\n<!-- \/ Yoast SEO plugin. -->","yoast_head_json":{"title":"Klavierb\u00e4nke aus Holz - Eurolegno srl","description":"H\u00f6lzer f\u00fcr Klavierb\u00e4nke \u2013 Entdecken Sie unsere sorgf\u00e4ltige Auswahl an edlen H\u00f6lzern, die jeweils aufgrund ihrer einzigartigen Eigenschaften und ... ausgew\u00e4hlt wurden.","robots":{"index":"index","follow":"follow","max-snippet":"max-snippet:-1","max-image-preview":"max-image-preview:large","max-video-preview":"max-video-preview:-1"},"canonical":"https:\/\/www.eurolegnosrl.it\/de\/hoelzer\/","og_locale":"de_DE","og_type":"article","og_title":"Klavierb\u00e4nke aus Holz - Eurolegno srl","og_description":"H\u00f6lzer f\u00fcr Klavierb\u00e4nke \u2013 Entdecken Sie unsere sorgf\u00e4ltige Auswahl an edlen H\u00f6lzern, die jeweils aufgrund ihrer einzigartigen Eigenschaften und ... ausgew\u00e4hlt wurden.","og_url":"https:\/\/www.eurolegnosrl.it\/de\/hoelzer\/","og_site_name":"Eurolegno Srl - Panche e sgabelli per pianoforte dal 1976","article_modified_time":"2024-02-19T08:43:13+00:00","og_image":[{"url":"https:\/\/www.eurolegnosrl.it\/wp-content\/uploads\/2023\/11\/colore-querchia-chiara.jpg","type":"","width":"","height":""}],"twitter_card":"summary_large_image","twitter_misc":{"Gesch\u00e4tzte Lesezeit":"3\u00a0Minuten"},"schema":{"@context":"https:\/\/schema.org","@graph":[{"@type":"WebPage","@id":"https:\/\/www.eurolegnosrl.it\/de\/hoelzer\/","url":"https:\/\/www.eurolegnosrl.it\/de\/hoelzer\/","name":"Klavierb\u00e4nke aus Holz - Eurolegno srl","isPartOf":{"@id":"https:\/\/www.eurolegnosrl.it\/en\/#website"},"primaryImageOfPage":{"@id":"https:\/\/www.eurolegnosrl.it\/de\/hoelzer\/#primaryimage"},"image":{"@id":"https:\/\/www.eurolegnosrl.it\/de\/hoelzer\/#primaryimage"},"thumbnailUrl":"https:\/\/www.eurolegnosrl.it\/wp-content\/uploads\/2023\/11\/colore-querchia-chiara.jpg","datePublished":"2023-11-13T08:04:22+00:00","dateModified":"2024-02-19T08:43:13+00:00","description":"H\u00f6lzer f\u00fcr Klavierb\u00e4nke \u2013 Entdecken Sie unsere sorgf\u00e4ltige Auswahl an edlen H\u00f6lzern, die jeweils aufgrund ihrer einzigartigen Eigenschaften und ... ausgew\u00e4hlt wurden.","breadcrumb":{"@id":"https:\/\/www.eurolegnosrl.it\/de\/hoelzer\/#breadcrumb"},"inLanguage":"de","potentialAction":[{"@type":"ReadAction","target":["https:\/\/www.eurolegnosrl.it\/de\/hoelzer\/"]}]},{"@type":"ImageObject","inLanguage":"de","@id":"https:\/\/www.eurolegnosrl.it\/de\/hoelzer\/#primaryimage","url":"https:\/\/www.eurolegnosrl.it\/wp-content\/uploads\/2023\/11\/colore-querchia-chiara.jpg","contentUrl":"https:\/\/www.eurolegnosrl.it\/wp-content\/uploads\/2023\/11\/colore-querchia-chiara.jpg"},{"@type":"BreadcrumbList","@id":"https:\/\/www.eurolegnosrl.it\/de\/hoelzer\/#breadcrumb","itemListElement":[{"@type":"ListItem","position":1,"name":"Home","item":"https:\/\/www.eurolegnosrl.it\/de\/"},{"@type":"ListItem","position":2,"name":"H\u00f6lzer"}]},{"@type":"WebSite","@id":"https:\/\/www.eurolegnosrl.it\/en\/#website","url":"https:\/\/www.eurolegnosrl.it\/en\/","name":"Eurolegno Srl - Panche e sgabelli per pianoforte dal 1976","description":"","publisher":{"@id":"https:\/\/www.eurolegnosrl.it\/en\/#organization"},"potentialAction":[{"@type":"SearchAction","target":{"@type":"EntryPoint","urlTemplate":"https:\/\/www.eurolegnosrl.it\/en\/?s={search_term_string}"},"query-input":{"@type":"PropertyValueSpecification","valueRequired":true,"valueName":"search_term_string"}}],"inLanguage":"de"},{"@type":"Organization","@id":"https:\/\/www.eurolegnosrl.it\/en\/#organization","name":"Eurolegno Srl - Panche e sgabelli per pianoforte dal 1976","url":"https:\/\/www.eurolegnosrl.it\/en\/","logo":{"@type":"ImageObject","inLanguage":"de","@id":"https:\/\/www.eurolegnosrl.it\/en\/#\/schema\/logo\/image\/","url":"https:\/\/www.eurolegnosrl.it\/wp-content\/uploads\/2023\/09\/logo.png","contentUrl":"https:\/\/www.eurolegnosrl.it\/wp-content\/uploads\/2023\/09\/logo.png","width":266,"height":59,"caption":"Eurolegno Srl - Panche e sgabelli per pianoforte dal 1976"},"image":{"@id":"https:\/\/www.eurolegnosrl.it\/en\/#\/schema\/logo\/image\/"}}]}},"_links":{"self":[{"href":"https:\/\/www.eurolegnosrl.it\/de\/wp-json\/wp\/v2\/pages\/1979","targetHints":{"allow":["GET"]}}],"collection":[{"href":"https:\/\/www.eurolegnosrl.it\/de\/wp-json\/wp\/v2\/pages"}],"about":[{"href":"https:\/\/www.eurolegnosrl.it\/de\/wp-json\/wp\/v2\/types\/page"}],"author":[{"embeddable":true,"href":"https:\/\/www.eurolegnosrl.it\/de\/wp-json\/wp\/v2\/users\/1"}],"replies":[{"embeddable":true,"href":"https:\/\/www.eurolegnosrl.it\/de\/wp-json\/wp\/v2\/comments?post=1979"}],"version-history":[{"count":8,"href":"https:\/\/www.eurolegnosrl.it\/de\/wp-json\/wp\/v2\/pages\/1979\/revisions"}],"predecessor-version":[{"id":2116,"href":"https:\/\/www.eurolegnosrl.it\/de\/wp-json\/wp\/v2\/pages\/1979\/revisions\/2116"}],"wp:attachment":[{"href":"https:\/\/www.eurolegnosrl.it\/de\/wp-json\/wp\/v2\/media?parent=1979"}],"curies":[{"name":"wp","href":"https:\/\/api.w.org\/{rel}","templated":true}]}}