{"id":1981,"date":"2023-11-15T16:39:51","date_gmt":"2023-11-15T15:39:51","guid":{"rendered":"https:\/\/www.eurolegnosrl.it\/stoffe\/"},"modified":"2024-01-08T11:02:37","modified_gmt":"2024-01-08T10:02:37","slug":"stoffe","status":"publish","type":"page","link":"https:\/\/www.eurolegnosrl.it\/de\/stoffe\/","title":{"rendered":"Stoffe"},"content":{"rendered":"\t\t<div data-elementor-type=\"wp-page\" data-elementor-id=\"1981\" class=\"elementor elementor-1981 elementor-1519\" data-elementor-post-type=\"page\">\n\t\t\t\t<div class=\"elementor-element elementor-element-3e025b0 e-con-full e-flex e-con e-parent\" data-id=\"3e025b0\" data-element_type=\"container\" data-e-type=\"container\" data-settings=\"{&quot;background_background&quot;:&quot;classic&quot;}\">\n\t\t<div class=\"elementor-element elementor-element-dce47bb e-con-full e-flex e-con e-child\" data-id=\"dce47bb\" data-element_type=\"container\" data-e-type=\"container\">\n\t\t\t\t<div class=\"elementor-element elementor-element-91caeb1 elementor-widget elementor-widget-heading\" data-id=\"91caeb1\" data-element_type=\"widget\" data-e-type=\"widget\" data-widget_type=\"heading.default\">\n\t\t\t\t<div class=\"elementor-widget-container\">\n\t\t\t\t\t<h2 class=\"elementor-heading-title elementor-size-default\">Stoffe<\/h2>\t\t\t\t<\/div>\n\t\t\t\t<\/div>\n\t\t\t\t<\/div>\n\t\t\t\t<\/div>\n\t\t<div class=\"elementor-element elementor-element-328957d e-flex e-con-boxed e-con e-parent\" data-id=\"328957d\" data-element_type=\"container\" data-e-type=\"container\" data-settings=\"{&quot;background_background&quot;:&quot;classic&quot;}\">\n\t\t\t\t\t<div class=\"e-con-inner\">\n\t\t\t\t<div class=\"elementor-element elementor-element-909acae elementor-icon-list--layout-traditional elementor-list-item-link-full_width elementor-widget elementor-widget-icon-list\" data-id=\"909acae\" data-element_type=\"widget\" data-e-type=\"widget\" data-widget_type=\"icon-list.default\">\n\t\t\t\t<div class=\"elementor-widget-container\">\n\t\t\t\t\t\t\t<ul class=\"elementor-icon-list-items\">\n\t\t\t\t\t\t\t<li class=\"elementor-icon-list-item\">\n\t\t\t\t\t\t\t\t\t\t<span class=\"elementor-icon-list-text\">Entdecken Sie die Stoffkollektion von Eurolegno: Samt und Sky f\u00fcr Musikliebhaber mit raffiniertem Geschmack.<\/span>\n\t\t\t\t\t\t\t\t\t<\/li>\n\t\t\t\t\t\t<\/ul>\n\t\t\t\t\t\t<\/div>\n\t\t\t\t<\/div>\n\t\t\t\t\t<\/div>\n\t\t\t\t<\/div>\n\t\t<div class=\"elementor-element elementor-element-45b5d06 e-flex e-con-boxed e-con e-parent\" data-id=\"45b5d06\" data-element_type=\"container\" data-e-type=\"container\">\n\t\t\t\t\t<div class=\"e-con-inner\">\n\t\t\t\t<div class=\"elementor-element elementor-element-8705c1d elementor-widget elementor-widget-text-editor\" data-id=\"8705c1d\" data-element_type=\"widget\" data-e-type=\"widget\" data-widget_type=\"text-editor.default\">\n\t\t\t\t<div class=\"elementor-widget-container\">\n\t\t\t\t\t\t\t\t\t<p>Willkommen auf unserer Seite, die den &#8222;Stoffen&#8220; von Eurolegno gewidmet ist, wo die Kunst des Designs auf die Leidenschaft f\u00fcr Musik trifft. Entdecken Sie unsere exklusive Auswahl an Stoffen, sorgf\u00e4ltig ausgew\u00e4hlt, um Ihre Klavierb\u00e4nke und -hocker zu versch\u00f6nern und sich perfekt Ihrem Stil und Komfort anzupassen.<\/p>\n<h2><strong>Samt: Eleganz und Komfort<\/strong><\/h2>\n<p>Unsere Samtstoffe, in einer Vielzahl von lebhaften und dezenten Farben erh\u00e4ltlich, sind die ideale Wahl f\u00fcr diejenigen, die einen Hauch von Luxus und Komfort suchen. Jeder Stoff wird aufgrund seiner Weichheit und Widerstandsf\u00e4higkeit ausgew\u00e4hlt, um einen bequemen Sitz und ein stets elegantes Erscheinungsbild zu gew\u00e4hrleisten.<\/p>\n<h2><strong>Sky: Vielseitigkeit und Langlebigkeit<\/strong><\/h2>\n<p>Unsere Palette an Sky-Stoffen bietet eine praktische und stilistisch vielseitige Alternative. In verschiedenen Farben erh\u00e4ltlich, sind diese Stoffe perfekt f\u00fcr diejenigen, die eine langlebige und leicht zu reinigende L\u00f6sung suchen, ohne dabei auf \u00c4sthetik zu verzichten.<\/p>\n<h2><strong>Individualisierung und Qualit\u00e4t<\/strong><\/h2>\n<p>Bei Eurolegno glauben wir, dass jeder Musiker einzigartig ist, und deshalb bieten wir Personalisierungsoptionen an, um unsere Klavierb\u00e4nke und -hocker an Ihre speziellen Bed\u00fcrfnisse anzupassen. W\u00e4hlen Sie aus unserer Palette an Stoffen, um die perfekte Kombination zu finden, die Ihren pers\u00f6nlichen Stil widerspiegelt.<\/p>\n<h2><strong>Einladung zur Entdeckung<\/strong><\/h2>\n<p>Wir laden Sie ein, unsere Stoffkollektion zu erkunden und die verf\u00fcgbaren Optionen zur Personalisierung Ihres Klavierhockers oder Ihrer Klavierbank zu entdecken. F\u00fcr alle Fragen oder um ein individuelles Angebot zu erhalten, z\u00f6gern Sie nicht, <a href=\"https:\/\/www.eurolegnosrl.it\/de\/kontakt\/\"><strong><span style=\"color: #ff6600;\">uns zu kontaktieren<\/span><\/strong><\/a><strong><span style=\"color: #ff6600;\">.<\/span><\/strong><\/p>\n<p>W\u00e4hlen Sie Eurolegno, um Komfort, Stil und Qualit\u00e4t in Ihrem musikalischen Raum zu vereinen.<\/p>\n\t\t\t\t\t\t\t\t<\/div>\n\t\t\t\t<\/div>\n\t\t\t\t\t<\/div>\n\t\t\t\t<\/div>\n\t\t<div class=\"elementor-element elementor-element-8de9a09 e-flex e-con-boxed e-con e-parent\" data-id=\"8de9a09\" data-element_type=\"container\" data-e-type=\"container\" data-settings=\"{&quot;background_background&quot;:&quot;classic&quot;}\">\n\t\t\t\t\t<div class=\"e-con-inner\">\n\t\t<a class=\"elementor-element elementor-element-a9d2dc8 e-con-full e-flex e-con e-child\" data-id=\"a9d2dc8\" data-element_type=\"container\" data-e-type=\"container\">\n\t\t\t\t<div class=\"elementor-element elementor-element-8dc8c78 e-transform elementor-position-top elementor-widget elementor-widget-image-box\" data-id=\"8dc8c78\" data-element_type=\"widget\" data-e-type=\"widget\" data-settings=\"{&quot;_transform_scale_effect_hover&quot;:{&quot;unit&quot;:&quot;px&quot;,&quot;size&quot;:0.9,&quot;sizes&quot;:[]},&quot;_transform_scale_effect_hover_tablet&quot;:{&quot;unit&quot;:&quot;px&quot;,&quot;size&quot;:&quot;&quot;,&quot;sizes&quot;:[]},&quot;_transform_scale_effect_hover_mobile&quot;:{&quot;unit&quot;:&quot;px&quot;,&quot;size&quot;:&quot;&quot;,&quot;sizes&quot;:[]}}\" data-widget_type=\"image-box.default\">\n\t\t\t\t<div class=\"elementor-widget-container\">\n\t\t\t\t\t<div class=\"elementor-image-box-wrapper\"><figure class=\"elementor-image-box-img\"><img fetchpriority=\"high\" decoding=\"async\" width=\"500\" height=\"500\" src=\"https:\/\/www.eurolegnosrl.it\/wp-content\/uploads\/2023\/11\/velluto-beige.jpg\" class=\"attachment-full size-full wp-image-1527\" alt=\"\" srcset=\"https:\/\/www.eurolegnosrl.it\/wp-content\/uploads\/2023\/11\/velluto-beige.jpg 500w, https:\/\/www.eurolegnosrl.it\/wp-content\/uploads\/2023\/11\/velluto-beige-300x300.jpg 300w, https:\/\/www.eurolegnosrl.it\/wp-content\/uploads\/2023\/11\/velluto-beige-150x150.jpg 150w\" sizes=\"(max-width: 500px) 100vw, 500px\" \/><\/figure><div class=\"elementor-image-box-content\"><h3 class=\"elementor-image-box-title\">Beiger Samt<\/h3><\/div><\/div>\t\t\t\t<\/div>\n\t\t\t\t<\/div>\n\t\t\t\t<\/a>\n\t\t<a class=\"elementor-element elementor-element-51b5698 e-con-full e-flex e-con e-child\" data-id=\"51b5698\" data-element_type=\"container\" data-e-type=\"container\">\n\t\t\t\t<div class=\"elementor-element elementor-element-e4294d2 e-transform elementor-position-top elementor-widget elementor-widget-image-box\" data-id=\"e4294d2\" data-element_type=\"widget\" data-e-type=\"widget\" data-settings=\"{&quot;_transform_scale_effect_hover&quot;:{&quot;unit&quot;:&quot;px&quot;,&quot;size&quot;:0.9,&quot;sizes&quot;:[]},&quot;_transform_scale_effect_hover_tablet&quot;:{&quot;unit&quot;:&quot;px&quot;,&quot;size&quot;:&quot;&quot;,&quot;sizes&quot;:[]},&quot;_transform_scale_effect_hover_mobile&quot;:{&quot;unit&quot;:&quot;px&quot;,&quot;size&quot;:&quot;&quot;,&quot;sizes&quot;:[]}}\" data-widget_type=\"image-box.default\">\n\t\t\t\t<div class=\"elementor-widget-container\">\n\t\t\t\t\t<div class=\"elementor-image-box-wrapper\"><figure class=\"elementor-image-box-img\"><img decoding=\"async\" width=\"500\" height=\"500\" src=\"https:\/\/www.eurolegnosrl.it\/wp-content\/uploads\/2023\/11\/velluto-nocciola.jpg\" class=\"attachment-full size-full wp-image-1534\" alt=\"\" srcset=\"https:\/\/www.eurolegnosrl.it\/wp-content\/uploads\/2023\/11\/velluto-nocciola.jpg 500w, https:\/\/www.eurolegnosrl.it\/wp-content\/uploads\/2023\/11\/velluto-nocciola-300x300.jpg 300w, https:\/\/www.eurolegnosrl.it\/wp-content\/uploads\/2023\/11\/velluto-nocciola-150x150.jpg 150w\" sizes=\"(max-width: 500px) 100vw, 500px\" \/><\/figure><div class=\"elementor-image-box-content\"><h3 class=\"elementor-image-box-title\">Haselnussfarbener Samt<\/h3><\/div><\/div>\t\t\t\t<\/div>\n\t\t\t\t<\/div>\n\t\t\t\t<\/a>\n\t\t<a class=\"elementor-element elementor-element-f4c510c e-con-full e-flex e-con e-child\" data-id=\"f4c510c\" data-element_type=\"container\" data-e-type=\"container\">\n\t\t\t\t<div class=\"elementor-element elementor-element-1d68da2 e-transform elementor-position-top elementor-widget elementor-widget-image-box\" data-id=\"1d68da2\" data-element_type=\"widget\" data-e-type=\"widget\" data-settings=\"{&quot;_transform_scale_effect_hover&quot;:{&quot;unit&quot;:&quot;px&quot;,&quot;size&quot;:0.9,&quot;sizes&quot;:[]},&quot;_transform_scale_effect_hover_tablet&quot;:{&quot;unit&quot;:&quot;px&quot;,&quot;size&quot;:&quot;&quot;,&quot;sizes&quot;:[]},&quot;_transform_scale_effect_hover_mobile&quot;:{&quot;unit&quot;:&quot;px&quot;,&quot;size&quot;:&quot;&quot;,&quot;sizes&quot;:[]}}\" data-widget_type=\"image-box.default\">\n\t\t\t\t<div class=\"elementor-widget-container\">\n\t\t\t\t\t<div class=\"elementor-image-box-wrapper\"><figure class=\"elementor-image-box-img\"><img decoding=\"async\" width=\"500\" height=\"500\" src=\"https:\/\/www.eurolegnosrl.it\/wp-content\/uploads\/2023\/11\/velluto-grigio.jpg\" class=\"attachment-full size-full wp-image-1531\" alt=\"\" srcset=\"https:\/\/www.eurolegnosrl.it\/wp-content\/uploads\/2023\/11\/velluto-grigio.jpg 500w, https:\/\/www.eurolegnosrl.it\/wp-content\/uploads\/2023\/11\/velluto-grigio-300x300.jpg 300w, https:\/\/www.eurolegnosrl.it\/wp-content\/uploads\/2023\/11\/velluto-grigio-150x150.jpg 150w\" sizes=\"(max-width: 500px) 100vw, 500px\" \/><\/figure><div class=\"elementor-image-box-content\"><h3 class=\"elementor-image-box-title\">Grauer Samt<\/h3><\/div><\/div>\t\t\t\t<\/div>\n\t\t\t\t<\/div>\n\t\t\t\t<\/a>\n\t\t<a class=\"elementor-element elementor-element-c3175e3 e-con-full e-flex e-con e-child\" data-id=\"c3175e3\" data-element_type=\"container\" data-e-type=\"container\">\n\t\t\t\t<div class=\"elementor-element elementor-element-b8719ed e-transform elementor-position-top elementor-widget elementor-widget-image-box\" data-id=\"b8719ed\" data-element_type=\"widget\" data-e-type=\"widget\" data-settings=\"{&quot;_transform_scale_effect_hover&quot;:{&quot;unit&quot;:&quot;px&quot;,&quot;size&quot;:0.9,&quot;sizes&quot;:[]},&quot;_transform_scale_effect_hover_tablet&quot;:{&quot;unit&quot;:&quot;px&quot;,&quot;size&quot;:&quot;&quot;,&quot;sizes&quot;:[]},&quot;_transform_scale_effect_hover_mobile&quot;:{&quot;unit&quot;:&quot;px&quot;,&quot;size&quot;:&quot;&quot;,&quot;sizes&quot;:[]}}\" data-widget_type=\"image-box.default\">\n\t\t\t\t<div class=\"elementor-widget-container\">\n\t\t\t\t\t<div class=\"elementor-image-box-wrapper\"><figure class=\"elementor-image-box-img\"><img loading=\"lazy\" decoding=\"async\" width=\"500\" height=\"500\" src=\"https:\/\/www.eurolegnosrl.it\/wp-content\/uploads\/2023\/11\/velluto-oro.jpg\" class=\"attachment-full size-full wp-image-1535\" alt=\"\" srcset=\"https:\/\/www.eurolegnosrl.it\/wp-content\/uploads\/2023\/11\/velluto-oro.jpg 500w, https:\/\/www.eurolegnosrl.it\/wp-content\/uploads\/2023\/11\/velluto-oro-300x300.jpg 300w, https:\/\/www.eurolegnosrl.it\/wp-content\/uploads\/2023\/11\/velluto-oro-150x150.jpg 150w\" sizes=\"(max-width: 500px) 100vw, 500px\" \/><\/figure><div class=\"elementor-image-box-content\"><h3 class=\"elementor-image-box-title\">Goldener Samt<\/h3><\/div><\/div>\t\t\t\t<\/div>\n\t\t\t\t<\/div>\n\t\t\t\t<\/a>\n\t\t\t\t\t<\/div>\n\t\t\t\t<\/div>\n\t\t<div class=\"elementor-element elementor-element-0eba10c e-flex e-con-boxed e-con e-parent\" data-id=\"0eba10c\" data-element_type=\"container\" data-e-type=\"container\" data-settings=\"{&quot;background_background&quot;:&quot;classic&quot;}\">\n\t\t\t\t\t<div class=\"e-con-inner\">\n\t\t<a class=\"elementor-element elementor-element-d8d7efc e-con-full e-flex e-con e-child\" data-id=\"d8d7efc\" data-element_type=\"container\" data-e-type=\"container\">\n\t\t\t\t<div class=\"elementor-element elementor-element-f1b483d e-transform elementor-position-top elementor-widget elementor-widget-image-box\" data-id=\"f1b483d\" data-element_type=\"widget\" data-e-type=\"widget\" data-settings=\"{&quot;_transform_scale_effect_hover&quot;:{&quot;unit&quot;:&quot;px&quot;,&quot;size&quot;:0.9,&quot;sizes&quot;:[]},&quot;_transform_scale_effect_hover_tablet&quot;:{&quot;unit&quot;:&quot;px&quot;,&quot;size&quot;:&quot;&quot;,&quot;sizes&quot;:[]},&quot;_transform_scale_effect_hover_mobile&quot;:{&quot;unit&quot;:&quot;px&quot;,&quot;size&quot;:&quot;&quot;,&quot;sizes&quot;:[]}}\" data-widget_type=\"image-box.default\">\n\t\t\t\t<div class=\"elementor-widget-container\">\n\t\t\t\t\t<div class=\"elementor-image-box-wrapper\"><figure class=\"elementor-image-box-img\"><img loading=\"lazy\" decoding=\"async\" width=\"500\" height=\"500\" src=\"https:\/\/www.eurolegnosrl.it\/wp-content\/uploads\/2023\/11\/velluto-azzurro.jpg\" class=\"attachment-full size-full wp-image-1530\" alt=\"\" srcset=\"https:\/\/www.eurolegnosrl.it\/wp-content\/uploads\/2023\/11\/velluto-azzurro.jpg 500w, https:\/\/www.eurolegnosrl.it\/wp-content\/uploads\/2023\/11\/velluto-azzurro-300x300.jpg 300w, https:\/\/www.eurolegnosrl.it\/wp-content\/uploads\/2023\/11\/velluto-azzurro-150x150.jpg 150w\" sizes=\"(max-width: 500px) 100vw, 500px\" \/><\/figure><div class=\"elementor-image-box-content\"><h3 class=\"elementor-image-box-title\">Azurblauer Samt<\/h3><\/div><\/div>\t\t\t\t<\/div>\n\t\t\t\t<\/div>\n\t\t\t\t<\/a>\n\t\t<a class=\"elementor-element elementor-element-9550138 e-con-full e-flex e-con e-child\" data-id=\"9550138\" data-element_type=\"container\" data-e-type=\"container\">\n\t\t\t\t<div class=\"elementor-element elementor-element-cfe308d e-transform elementor-position-top elementor-widget elementor-widget-image-box\" data-id=\"cfe308d\" data-element_type=\"widget\" data-e-type=\"widget\" data-settings=\"{&quot;_transform_scale_effect_hover&quot;:{&quot;unit&quot;:&quot;px&quot;,&quot;size&quot;:0.9,&quot;sizes&quot;:[]},&quot;_transform_scale_effect_hover_tablet&quot;:{&quot;unit&quot;:&quot;px&quot;,&quot;size&quot;:&quot;&quot;,&quot;sizes&quot;:[]},&quot;_transform_scale_effect_hover_mobile&quot;:{&quot;unit&quot;:&quot;px&quot;,&quot;size&quot;:&quot;&quot;,&quot;sizes&quot;:[]}}\" data-widget_type=\"image-box.default\">\n\t\t\t\t<div class=\"elementor-widget-container\">\n\t\t\t\t\t<div class=\"elementor-image-box-wrapper\"><figure class=\"elementor-image-box-img\"><img loading=\"lazy\" decoding=\"async\" width=\"500\" height=\"500\" src=\"https:\/\/www.eurolegnosrl.it\/wp-content\/uploads\/2023\/11\/velluto-verde.jpg\" class=\"attachment-full size-full wp-image-1538\" alt=\"\" srcset=\"https:\/\/www.eurolegnosrl.it\/wp-content\/uploads\/2023\/11\/velluto-verde.jpg 500w, https:\/\/www.eurolegnosrl.it\/wp-content\/uploads\/2023\/11\/velluto-verde-300x300.jpg 300w, https:\/\/www.eurolegnosrl.it\/wp-content\/uploads\/2023\/11\/velluto-verde-150x150.jpg 150w\" sizes=\"(max-width: 500px) 100vw, 500px\" \/><\/figure><div class=\"elementor-image-box-content\"><h3 class=\"elementor-image-box-title\">Gr\u00fcner Samt<\/h3><\/div><\/div>\t\t\t\t<\/div>\n\t\t\t\t<\/div>\n\t\t\t\t<\/a>\n\t\t<a class=\"elementor-element elementor-element-f09bd1e e-con-full e-flex e-con e-child\" data-id=\"f09bd1e\" data-element_type=\"container\" data-e-type=\"container\">\n\t\t\t\t<div class=\"elementor-element elementor-element-cfcd8a2 e-transform elementor-position-top elementor-widget elementor-widget-image-box\" data-id=\"cfcd8a2\" data-element_type=\"widget\" data-e-type=\"widget\" data-settings=\"{&quot;_transform_scale_effect_hover&quot;:{&quot;unit&quot;:&quot;px&quot;,&quot;size&quot;:0.9,&quot;sizes&quot;:[]},&quot;_transform_scale_effect_hover_tablet&quot;:{&quot;unit&quot;:&quot;px&quot;,&quot;size&quot;:&quot;&quot;,&quot;sizes&quot;:[]},&quot;_transform_scale_effect_hover_mobile&quot;:{&quot;unit&quot;:&quot;px&quot;,&quot;size&quot;:&quot;&quot;,&quot;sizes&quot;:[]}}\" data-widget_type=\"image-box.default\">\n\t\t\t\t<div class=\"elementor-widget-container\">\n\t\t\t\t\t<div class=\"elementor-image-box-wrapper\"><figure class=\"elementor-image-box-img\"><img loading=\"lazy\" decoding=\"async\" width=\"500\" height=\"500\" src=\"https:\/\/www.eurolegnosrl.it\/wp-content\/uploads\/2023\/11\/velluto-rosa.jpg\" class=\"attachment-full size-full wp-image-1536\" alt=\"\" srcset=\"https:\/\/www.eurolegnosrl.it\/wp-content\/uploads\/2023\/11\/velluto-rosa.jpg 500w, https:\/\/www.eurolegnosrl.it\/wp-content\/uploads\/2023\/11\/velluto-rosa-300x300.jpg 300w, https:\/\/www.eurolegnosrl.it\/wp-content\/uploads\/2023\/11\/velluto-rosa-150x150.jpg 150w\" sizes=\"(max-width: 500px) 100vw, 500px\" \/><\/figure><div class=\"elementor-image-box-content\"><h3 class=\"elementor-image-box-title\">Rosa Samt<\/h3><\/div><\/div>\t\t\t\t<\/div>\n\t\t\t\t<\/div>\n\t\t\t\t<\/a>\n\t\t<a class=\"elementor-element elementor-element-cc52981 e-con-full e-flex e-con e-child\" data-id=\"cc52981\" data-element_type=\"container\" data-e-type=\"container\">\n\t\t\t\t<div class=\"elementor-element elementor-element-4ed2e53 e-transform elementor-position-top elementor-widget elementor-widget-image-box\" data-id=\"4ed2e53\" data-element_type=\"widget\" data-e-type=\"widget\" data-settings=\"{&quot;_transform_scale_effect_hover&quot;:{&quot;unit&quot;:&quot;px&quot;,&quot;size&quot;:0.9,&quot;sizes&quot;:[]},&quot;_transform_scale_effect_hover_tablet&quot;:{&quot;unit&quot;:&quot;px&quot;,&quot;size&quot;:&quot;&quot;,&quot;sizes&quot;:[]},&quot;_transform_scale_effect_hover_mobile&quot;:{&quot;unit&quot;:&quot;px&quot;,&quot;size&quot;:&quot;&quot;,&quot;sizes&quot;:[]}}\" data-widget_type=\"image-box.default\">\n\t\t\t\t<div class=\"elementor-widget-container\">\n\t\t\t\t\t<div class=\"elementor-image-box-wrapper\"><figure class=\"elementor-image-box-img\"><img loading=\"lazy\" decoding=\"async\" width=\"500\" height=\"500\" src=\"https:\/\/www.eurolegnosrl.it\/wp-content\/uploads\/2023\/11\/velluto-rosso.jpg\" class=\"attachment-full size-full wp-image-1537\" alt=\"\" srcset=\"https:\/\/www.eurolegnosrl.it\/wp-content\/uploads\/2023\/11\/velluto-rosso.jpg 500w, https:\/\/www.eurolegnosrl.it\/wp-content\/uploads\/2023\/11\/velluto-rosso-300x300.jpg 300w, https:\/\/www.eurolegnosrl.it\/wp-content\/uploads\/2023\/11\/velluto-rosso-150x150.jpg 150w\" sizes=\"(max-width: 500px) 100vw, 500px\" \/><\/figure><div class=\"elementor-image-box-content\"><h3 class=\"elementor-image-box-title\">Roter Samt<\/h3><\/div><\/div>\t\t\t\t<\/div>\n\t\t\t\t<\/div>\n\t\t\t\t<\/a>\n\t\t\t\t\t<\/div>\n\t\t\t\t<\/div>\n\t\t<div class=\"elementor-element elementor-element-7e8e923 e-flex e-con-boxed e-con e-parent\" data-id=\"7e8e923\" data-element_type=\"container\" data-e-type=\"container\" data-settings=\"{&quot;background_background&quot;:&quot;classic&quot;}\">\n\t\t\t\t\t<div class=\"e-con-inner\">\n\t\t<a class=\"elementor-element elementor-element-3935642 e-con-full e-flex e-con e-child\" data-id=\"3935642\" data-element_type=\"container\" data-e-type=\"container\">\n\t\t\t\t<div class=\"elementor-element elementor-element-19d806b e-transform elementor-position-top elementor-widget elementor-widget-image-box\" data-id=\"19d806b\" data-element_type=\"widget\" data-e-type=\"widget\" data-settings=\"{&quot;_transform_scale_effect_hover&quot;:{&quot;unit&quot;:&quot;px&quot;,&quot;size&quot;:0.9,&quot;sizes&quot;:[]},&quot;_transform_scale_effect_hover_tablet&quot;:{&quot;unit&quot;:&quot;px&quot;,&quot;size&quot;:&quot;&quot;,&quot;sizes&quot;:[]},&quot;_transform_scale_effect_hover_mobile&quot;:{&quot;unit&quot;:&quot;px&quot;,&quot;size&quot;:&quot;&quot;,&quot;sizes&quot;:[]}}\" data-widget_type=\"image-box.default\">\n\t\t\t\t<div class=\"elementor-widget-container\">\n\t\t\t\t\t<div class=\"elementor-image-box-wrapper\"><figure class=\"elementor-image-box-img\"><img loading=\"lazy\" decoding=\"async\" width=\"500\" height=\"500\" src=\"https:\/\/www.eurolegnosrl.it\/wp-content\/uploads\/2023\/11\/velluto-marrone.jpg\" class=\"attachment-full size-full wp-image-1532\" alt=\"\" srcset=\"https:\/\/www.eurolegnosrl.it\/wp-content\/uploads\/2023\/11\/velluto-marrone.jpg 500w, https:\/\/www.eurolegnosrl.it\/wp-content\/uploads\/2023\/11\/velluto-marrone-300x300.jpg 300w, https:\/\/www.eurolegnosrl.it\/wp-content\/uploads\/2023\/11\/velluto-marrone-150x150.jpg 150w\" sizes=\"(max-width: 500px) 100vw, 500px\" \/><\/figure><div class=\"elementor-image-box-content\"><h3 class=\"elementor-image-box-title\">Brauner Samt<\/h3><\/div><\/div>\t\t\t\t<\/div>\n\t\t\t\t<\/div>\n\t\t\t\t<\/a>\n\t\t<a class=\"elementor-element elementor-element-827704a e-con-full e-flex e-con e-child\" data-id=\"827704a\" data-element_type=\"container\" data-e-type=\"container\">\n\t\t\t\t<div class=\"elementor-element elementor-element-03bcf62 e-transform elementor-position-top elementor-widget elementor-widget-image-box\" data-id=\"03bcf62\" data-element_type=\"widget\" data-e-type=\"widget\" data-settings=\"{&quot;_transform_scale_effect_hover&quot;:{&quot;unit&quot;:&quot;px&quot;,&quot;size&quot;:0.9,&quot;sizes&quot;:[]},&quot;_transform_scale_effect_hover_tablet&quot;:{&quot;unit&quot;:&quot;px&quot;,&quot;size&quot;:&quot;&quot;,&quot;sizes&quot;:[]},&quot;_transform_scale_effect_hover_mobile&quot;:{&quot;unit&quot;:&quot;px&quot;,&quot;size&quot;:&quot;&quot;,&quot;sizes&quot;:[]}}\" data-widget_type=\"image-box.default\">\n\t\t\t\t<div class=\"elementor-widget-container\">\n\t\t\t\t\t<div class=\"elementor-image-box-wrapper\"><figure class=\"elementor-image-box-img\"><img loading=\"lazy\" decoding=\"async\" width=\"500\" height=\"500\" src=\"https:\/\/www.eurolegnosrl.it\/wp-content\/uploads\/2023\/11\/velluto-nero.jpg\" class=\"attachment-full size-full wp-image-1533\" alt=\"\" srcset=\"https:\/\/www.eurolegnosrl.it\/wp-content\/uploads\/2023\/11\/velluto-nero.jpg 500w, https:\/\/www.eurolegnosrl.it\/wp-content\/uploads\/2023\/11\/velluto-nero-300x300.jpg 300w, https:\/\/www.eurolegnosrl.it\/wp-content\/uploads\/2023\/11\/velluto-nero-150x150.jpg 150w\" sizes=\"(max-width: 500px) 100vw, 500px\" \/><\/figure><div class=\"elementor-image-box-content\"><h3 class=\"elementor-image-box-title\">Schwarzer Samt<\/h3><\/div><\/div>\t\t\t\t<\/div>\n\t\t\t\t<\/div>\n\t\t\t\t<\/a>\n\t\t<a class=\"elementor-element elementor-element-312726a e-con-full e-flex e-con e-child\" data-id=\"312726a\" data-element_type=\"container\" data-e-type=\"container\">\n\t\t\t\t<div class=\"elementor-element elementor-element-d4587db e-transform elementor-position-top elementor-widget elementor-widget-image-box\" data-id=\"d4587db\" data-element_type=\"widget\" data-e-type=\"widget\" data-settings=\"{&quot;_transform_scale_effect_hover&quot;:{&quot;unit&quot;:&quot;px&quot;,&quot;size&quot;:0.9,&quot;sizes&quot;:[]},&quot;_transform_scale_effect_hover_tablet&quot;:{&quot;unit&quot;:&quot;px&quot;,&quot;size&quot;:&quot;&quot;,&quot;sizes&quot;:[]},&quot;_transform_scale_effect_hover_mobile&quot;:{&quot;unit&quot;:&quot;px&quot;,&quot;size&quot;:&quot;&quot;,&quot;sizes&quot;:[]}}\" data-widget_type=\"image-box.default\">\n\t\t\t\t<div class=\"elementor-widget-container\">\n\t\t\t\t\t<div class=\"elementor-image-box-wrapper\"><figure class=\"elementor-image-box-img\"><img loading=\"lazy\" decoding=\"async\" width=\"500\" height=\"500\" src=\"https:\/\/www.eurolegnosrl.it\/wp-content\/uploads\/2023\/11\/sky-nero.jpg\" class=\"attachment-full size-full wp-image-1529\" alt=\"\" srcset=\"https:\/\/www.eurolegnosrl.it\/wp-content\/uploads\/2023\/11\/sky-nero.jpg 500w, https:\/\/www.eurolegnosrl.it\/wp-content\/uploads\/2023\/11\/sky-nero-300x300.jpg 300w, https:\/\/www.eurolegnosrl.it\/wp-content\/uploads\/2023\/11\/sky-nero-150x150.jpg 150w\" sizes=\"(max-width: 500px) 100vw, 500px\" \/><\/figure><div class=\"elementor-image-box-content\"><h3 class=\"elementor-image-box-title\">Schwarzer Sky<\/h3><\/div><\/div>\t\t\t\t<\/div>\n\t\t\t\t<\/div>\n\t\t\t\t<\/a>\n\t\t<a class=\"elementor-element elementor-element-f55362c e-con-full e-flex e-con e-child\" data-id=\"f55362c\" data-element_type=\"container\" data-e-type=\"container\">\n\t\t\t\t<div class=\"elementor-element elementor-element-6c35308 e-transform elementor-position-top elementor-widget elementor-widget-image-box\" data-id=\"6c35308\" data-element_type=\"widget\" data-e-type=\"widget\" data-settings=\"{&quot;_transform_scale_effect_hover&quot;:{&quot;unit&quot;:&quot;px&quot;,&quot;size&quot;:0.9,&quot;sizes&quot;:[]},&quot;_transform_scale_effect_hover_tablet&quot;:{&quot;unit&quot;:&quot;px&quot;,&quot;size&quot;:&quot;&quot;,&quot;sizes&quot;:[]},&quot;_transform_scale_effect_hover_mobile&quot;:{&quot;unit&quot;:&quot;px&quot;,&quot;size&quot;:&quot;&quot;,&quot;sizes&quot;:[]}}\" data-widget_type=\"image-box.default\">\n\t\t\t\t<div class=\"elementor-widget-container\">\n\t\t\t\t\t<div class=\"elementor-image-box-wrapper\"><figure class=\"elementor-image-box-img\"><img loading=\"lazy\" decoding=\"async\" width=\"500\" height=\"500\" src=\"https:\/\/www.eurolegnosrl.it\/wp-content\/uploads\/2023\/11\/sky-marrone.jpg\" class=\"attachment-full size-full wp-image-1526\" alt=\"\" srcset=\"https:\/\/www.eurolegnosrl.it\/wp-content\/uploads\/2023\/11\/sky-marrone.jpg 500w, https:\/\/www.eurolegnosrl.it\/wp-content\/uploads\/2023\/11\/sky-marrone-300x300.jpg 300w, https:\/\/www.eurolegnosrl.it\/wp-content\/uploads\/2023\/11\/sky-marrone-150x150.jpg 150w\" sizes=\"(max-width: 500px) 100vw, 500px\" \/><\/figure><div class=\"elementor-image-box-content\"><h3 class=\"elementor-image-box-title\">Brauner Sky<\/h3><\/div><\/div>\t\t\t\t<\/div>\n\t\t\t\t<\/div>\n\t\t\t\t<\/a>\n\t\t\t\t\t<\/div>\n\t\t\t\t<\/div>\n\t\t<div class=\"elementor-element elementor-element-4612b30 e-flex e-con-boxed e-con e-parent\" data-id=\"4612b30\" data-element_type=\"container\" data-e-type=\"container\" data-settings=\"{&quot;background_background&quot;:&quot;classic&quot;}\">\n\t\t\t\t\t<div class=\"e-con-inner\">\n\t\t<a class=\"elementor-element elementor-element-72e707c e-con-full e-flex e-con e-child\" data-id=\"72e707c\" data-element_type=\"container\" data-e-type=\"container\">\n\t\t\t\t<div class=\"elementor-element elementor-element-a493985 e-transform elementor-position-top elementor-widget elementor-widget-image-box\" data-id=\"a493985\" data-element_type=\"widget\" data-e-type=\"widget\" data-settings=\"{&quot;_transform_scale_effect_hover&quot;:{&quot;unit&quot;:&quot;px&quot;,&quot;size&quot;:0.9,&quot;sizes&quot;:[]},&quot;_transform_scale_effect_hover_tablet&quot;:{&quot;unit&quot;:&quot;px&quot;,&quot;size&quot;:&quot;&quot;,&quot;sizes&quot;:[]},&quot;_transform_scale_effect_hover_mobile&quot;:{&quot;unit&quot;:&quot;px&quot;,&quot;size&quot;:&quot;&quot;,&quot;sizes&quot;:[]}}\" data-widget_type=\"image-box.default\">\n\t\t\t\t<div class=\"elementor-widget-container\">\n\t\t\t\t\t<div class=\"elementor-image-box-wrapper\"><figure class=\"elementor-image-box-img\"><img loading=\"lazy\" decoding=\"async\" width=\"500\" height=\"500\" src=\"https:\/\/www.eurolegnosrl.it\/wp-content\/uploads\/2023\/11\/sky-mogano.jpg\" class=\"attachment-full size-full wp-image-1528\" alt=\"\" srcset=\"https:\/\/www.eurolegnosrl.it\/wp-content\/uploads\/2023\/11\/sky-mogano.jpg 500w, https:\/\/www.eurolegnosrl.it\/wp-content\/uploads\/2023\/11\/sky-mogano-300x300.jpg 300w, https:\/\/www.eurolegnosrl.it\/wp-content\/uploads\/2023\/11\/sky-mogano-150x150.jpg 150w\" sizes=\"(max-width: 500px) 100vw, 500px\" \/><\/figure><div class=\"elementor-image-box-content\"><h3 class=\"elementor-image-box-title\">Mohagoni Sky<\/h3><\/div><\/div>\t\t\t\t<\/div>\n\t\t\t\t<\/div>\n\t\t\t\t<\/a>\n\t\t<a class=\"elementor-element elementor-element-0b4e90f e-con-full e-flex e-con e-child\" data-id=\"0b4e90f\" data-element_type=\"container\" data-e-type=\"container\">\n\t\t\t\t<div class=\"elementor-element elementor-element-9477279 e-transform elementor-position-top elementor-widget elementor-widget-image-box\" data-id=\"9477279\" data-element_type=\"widget\" data-e-type=\"widget\" data-settings=\"{&quot;_transform_scale_effect_hover&quot;:{&quot;unit&quot;:&quot;px&quot;,&quot;size&quot;:0.9,&quot;sizes&quot;:[]},&quot;_transform_scale_effect_hover_tablet&quot;:{&quot;unit&quot;:&quot;px&quot;,&quot;size&quot;:&quot;&quot;,&quot;sizes&quot;:[]},&quot;_transform_scale_effect_hover_mobile&quot;:{&quot;unit&quot;:&quot;px&quot;,&quot;size&quot;:&quot;&quot;,&quot;sizes&quot;:[]}}\" data-widget_type=\"image-box.default\">\n\t\t\t\t<div class=\"elementor-widget-container\">\n\t\t\t\t\t<div class=\"elementor-image-box-wrapper\"><figure class=\"elementor-image-box-img\"><img loading=\"lazy\" decoding=\"async\" width=\"500\" height=\"500\" src=\"https:\/\/www.eurolegnosrl.it\/wp-content\/uploads\/2023\/11\/sky-bianco.jpg\" class=\"attachment-full size-full wp-image-1539\" alt=\"\" srcset=\"https:\/\/www.eurolegnosrl.it\/wp-content\/uploads\/2023\/11\/sky-bianco.jpg 500w, https:\/\/www.eurolegnosrl.it\/wp-content\/uploads\/2023\/11\/sky-bianco-300x300.jpg 300w, https:\/\/www.eurolegnosrl.it\/wp-content\/uploads\/2023\/11\/sky-bianco-150x150.jpg 150w\" sizes=\"(max-width: 500px) 100vw, 500px\" \/><\/figure><div class=\"elementor-image-box-content\"><h3 class=\"elementor-image-box-title\">Wei\u00dfer Sky<\/h3><\/div><\/div>\t\t\t\t<\/div>\n\t\t\t\t<\/div>\n\t\t\t\t<\/a>\n\t\t<a class=\"elementor-element elementor-element-0741ec1 e-con-full e-flex e-con e-child\" data-id=\"0741ec1\" data-element_type=\"container\" data-e-type=\"container\">\n\t\t\t\t<\/a>\n\t\t<a class=\"elementor-element elementor-element-921d13f e-con-full e-flex e-con e-child\" data-id=\"921d13f\" data-element_type=\"container\" data-e-type=\"container\">\n\t\t\t\t<\/a>\n\t\t\t\t\t<\/div>\n\t\t\t\t<\/div>\n\t\t\t\t<\/div>\n\t\t","protected":false},"excerpt":{"rendered":"<p>Stoffe Entdecken Sie die Stoffkollektion von Eurolegno: Samt und Sky f\u00fcr Musikliebhaber mit raffiniertem Geschmack. Willkommen auf unserer Seite, die den &#8222;Stoffen&#8220; von Eurolegno gewidmet ist, wo die Kunst des Designs auf die Leidenschaft f\u00fcr Musik trifft. Entdecken Sie unsere exklusive Auswahl an Stoffen, sorgf\u00e4ltig ausgew\u00e4hlt, um Ihre Klavierb\u00e4nke und -hocker zu versch\u00f6nern und sich [&hellip;]<\/p>\n","protected":false},"author":1,"featured_media":0,"parent":0,"menu_order":0,"comment_status":"closed","ping_status":"closed","template":"elementor_theme","meta":{"_acf_changed":false,"footnotes":""},"class_list":["post-1981","page","type-page","status-publish","hentry"],"acf":[],"yoast_head":"<!-- This site is optimized with the Yoast SEO plugin v27.1.1 - https:\/\/yoast.com\/product\/yoast-seo-wordpress\/ -->\n<title>Stoffe f\u00fcr Klavierb\u00e4nke - Eurolegno srl<\/title>\n<meta name=\"description\" content=\"Entdecken Sie unsere exklusive Auswahl an Stoffen, die sorgf\u00e4ltig ausgew\u00e4hlt wurden, um Ihre Klavierb\u00e4nke und Hocker zu versch\u00f6nern\" \/>\n<meta name=\"robots\" content=\"index, follow, max-snippet:-1, max-image-preview:large, max-video-preview:-1\" \/>\n<link rel=\"canonical\" href=\"https:\/\/www.eurolegnosrl.it\/de\/stoffe\/\" \/>\n<meta property=\"og:locale\" content=\"de_DE\" \/>\n<meta property=\"og:type\" content=\"article\" \/>\n<meta property=\"og:title\" content=\"Stoffe f\u00fcr Klavierb\u00e4nke - Eurolegno srl\" \/>\n<meta property=\"og:description\" content=\"Entdecken Sie unsere exklusive Auswahl an Stoffen, die sorgf\u00e4ltig ausgew\u00e4hlt wurden, um Ihre Klavierb\u00e4nke und Hocker zu versch\u00f6nern\" \/>\n<meta property=\"og:url\" content=\"https:\/\/www.eurolegnosrl.it\/de\/stoffe\/\" \/>\n<meta property=\"og:site_name\" content=\"Eurolegno Srl - Panche e sgabelli per pianoforte dal 1976\" \/>\n<meta property=\"article:modified_time\" content=\"2024-01-08T10:02:37+00:00\" \/>\n<meta property=\"og:image\" content=\"https:\/\/www.eurolegnosrl.it\/wp-content\/uploads\/2023\/11\/velluto-beige.jpg\" \/>\n<meta name=\"twitter:card\" content=\"summary_large_image\" \/>\n<meta name=\"twitter:label1\" content=\"Gesch\u00e4tzte Lesezeit\" \/>\n\t<meta name=\"twitter:data1\" content=\"2\u00a0Minuten\" \/>\n<script type=\"application\/ld+json\" class=\"yoast-schema-graph\">{\"@context\":\"https:\/\/schema.org\",\"@graph\":[{\"@type\":\"WebPage\",\"@id\":\"https:\/\/www.eurolegnosrl.it\/de\/stoffe\/\",\"url\":\"https:\/\/www.eurolegnosrl.it\/de\/stoffe\/\",\"name\":\"Stoffe f\u00fcr Klavierb\u00e4nke - Eurolegno srl\",\"isPartOf\":{\"@id\":\"https:\/\/www.eurolegnosrl.it\/en\/#website\"},\"primaryImageOfPage\":{\"@id\":\"https:\/\/www.eurolegnosrl.it\/de\/stoffe\/#primaryimage\"},\"image\":{\"@id\":\"https:\/\/www.eurolegnosrl.it\/de\/stoffe\/#primaryimage\"},\"thumbnailUrl\":\"https:\/\/www.eurolegnosrl.it\/wp-content\/uploads\/2023\/11\/velluto-beige.jpg\",\"datePublished\":\"2023-11-15T15:39:51+00:00\",\"dateModified\":\"2024-01-08T10:02:37+00:00\",\"description\":\"Entdecken Sie unsere exklusive Auswahl an Stoffen, die sorgf\u00e4ltig ausgew\u00e4hlt wurden, um Ihre Klavierb\u00e4nke und Hocker zu versch\u00f6nern\",\"breadcrumb\":{\"@id\":\"https:\/\/www.eurolegnosrl.it\/de\/stoffe\/#breadcrumb\"},\"inLanguage\":\"de\",\"potentialAction\":[{\"@type\":\"ReadAction\",\"target\":[\"https:\/\/www.eurolegnosrl.it\/de\/stoffe\/\"]}]},{\"@type\":\"ImageObject\",\"inLanguage\":\"de\",\"@id\":\"https:\/\/www.eurolegnosrl.it\/de\/stoffe\/#primaryimage\",\"url\":\"https:\/\/www.eurolegnosrl.it\/wp-content\/uploads\/2023\/11\/velluto-beige.jpg\",\"contentUrl\":\"https:\/\/www.eurolegnosrl.it\/wp-content\/uploads\/2023\/11\/velluto-beige.jpg\"},{\"@type\":\"BreadcrumbList\",\"@id\":\"https:\/\/www.eurolegnosrl.it\/de\/stoffe\/#breadcrumb\",\"itemListElement\":[{\"@type\":\"ListItem\",\"position\":1,\"name\":\"Home\",\"item\":\"https:\/\/www.eurolegnosrl.it\/de\/\"},{\"@type\":\"ListItem\",\"position\":2,\"name\":\"Stoffe\"}]},{\"@type\":\"WebSite\",\"@id\":\"https:\/\/www.eurolegnosrl.it\/en\/#website\",\"url\":\"https:\/\/www.eurolegnosrl.it\/en\/\",\"name\":\"Eurolegno Srl - Panche e sgabelli per pianoforte dal 1976\",\"description\":\"\",\"publisher\":{\"@id\":\"https:\/\/www.eurolegnosrl.it\/en\/#organization\"},\"potentialAction\":[{\"@type\":\"SearchAction\",\"target\":{\"@type\":\"EntryPoint\",\"urlTemplate\":\"https:\/\/www.eurolegnosrl.it\/en\/?s={search_term_string}\"},\"query-input\":{\"@type\":\"PropertyValueSpecification\",\"valueRequired\":true,\"valueName\":\"search_term_string\"}}],\"inLanguage\":\"de\"},{\"@type\":\"Organization\",\"@id\":\"https:\/\/www.eurolegnosrl.it\/en\/#organization\",\"name\":\"Eurolegno Srl - Panche e sgabelli per pianoforte dal 1976\",\"url\":\"https:\/\/www.eurolegnosrl.it\/en\/\",\"logo\":{\"@type\":\"ImageObject\",\"inLanguage\":\"de\",\"@id\":\"https:\/\/www.eurolegnosrl.it\/en\/#\/schema\/logo\/image\/\",\"url\":\"https:\/\/www.eurolegnosrl.it\/wp-content\/uploads\/2023\/09\/logo.png\",\"contentUrl\":\"https:\/\/www.eurolegnosrl.it\/wp-content\/uploads\/2023\/09\/logo.png\",\"width\":266,\"height\":59,\"caption\":\"Eurolegno Srl - Panche e sgabelli per pianoforte dal 1976\"},\"image\":{\"@id\":\"https:\/\/www.eurolegnosrl.it\/en\/#\/schema\/logo\/image\/\"}}]}<\/script>\n<!-- \/ Yoast SEO plugin. -->","yoast_head_json":{"title":"Stoffe f\u00fcr Klavierb\u00e4nke - Eurolegno srl","description":"Entdecken Sie unsere exklusive Auswahl an Stoffen, die sorgf\u00e4ltig ausgew\u00e4hlt wurden, um Ihre Klavierb\u00e4nke und Hocker zu versch\u00f6nern","robots":{"index":"index","follow":"follow","max-snippet":"max-snippet:-1","max-image-preview":"max-image-preview:large","max-video-preview":"max-video-preview:-1"},"canonical":"https:\/\/www.eurolegnosrl.it\/de\/stoffe\/","og_locale":"de_DE","og_type":"article","og_title":"Stoffe f\u00fcr Klavierb\u00e4nke - Eurolegno srl","og_description":"Entdecken Sie unsere exklusive Auswahl an Stoffen, die sorgf\u00e4ltig ausgew\u00e4hlt wurden, um Ihre Klavierb\u00e4nke und Hocker zu versch\u00f6nern","og_url":"https:\/\/www.eurolegnosrl.it\/de\/stoffe\/","og_site_name":"Eurolegno Srl - Panche e sgabelli per pianoforte dal 1976","article_modified_time":"2024-01-08T10:02:37+00:00","og_image":[{"url":"https:\/\/www.eurolegnosrl.it\/wp-content\/uploads\/2023\/11\/velluto-beige.jpg","type":"","width":"","height":""}],"twitter_card":"summary_large_image","twitter_misc":{"Gesch\u00e4tzte Lesezeit":"2\u00a0Minuten"},"schema":{"@context":"https:\/\/schema.org","@graph":[{"@type":"WebPage","@id":"https:\/\/www.eurolegnosrl.it\/de\/stoffe\/","url":"https:\/\/www.eurolegnosrl.it\/de\/stoffe\/","name":"Stoffe f\u00fcr Klavierb\u00e4nke - Eurolegno srl","isPartOf":{"@id":"https:\/\/www.eurolegnosrl.it\/en\/#website"},"primaryImageOfPage":{"@id":"https:\/\/www.eurolegnosrl.it\/de\/stoffe\/#primaryimage"},"image":{"@id":"https:\/\/www.eurolegnosrl.it\/de\/stoffe\/#primaryimage"},"thumbnailUrl":"https:\/\/www.eurolegnosrl.it\/wp-content\/uploads\/2023\/11\/velluto-beige.jpg","datePublished":"2023-11-15T15:39:51+00:00","dateModified":"2024-01-08T10:02:37+00:00","description":"Entdecken Sie unsere exklusive Auswahl an Stoffen, die sorgf\u00e4ltig ausgew\u00e4hlt wurden, um Ihre Klavierb\u00e4nke und Hocker zu versch\u00f6nern","breadcrumb":{"@id":"https:\/\/www.eurolegnosrl.it\/de\/stoffe\/#breadcrumb"},"inLanguage":"de","potentialAction":[{"@type":"ReadAction","target":["https:\/\/www.eurolegnosrl.it\/de\/stoffe\/"]}]},{"@type":"ImageObject","inLanguage":"de","@id":"https:\/\/www.eurolegnosrl.it\/de\/stoffe\/#primaryimage","url":"https:\/\/www.eurolegnosrl.it\/wp-content\/uploads\/2023\/11\/velluto-beige.jpg","contentUrl":"https:\/\/www.eurolegnosrl.it\/wp-content\/uploads\/2023\/11\/velluto-beige.jpg"},{"@type":"BreadcrumbList","@id":"https:\/\/www.eurolegnosrl.it\/de\/stoffe\/#breadcrumb","itemListElement":[{"@type":"ListItem","position":1,"name":"Home","item":"https:\/\/www.eurolegnosrl.it\/de\/"},{"@type":"ListItem","position":2,"name":"Stoffe"}]},{"@type":"WebSite","@id":"https:\/\/www.eurolegnosrl.it\/en\/#website","url":"https:\/\/www.eurolegnosrl.it\/en\/","name":"Eurolegno Srl - Panche e sgabelli per pianoforte dal 1976","description":"","publisher":{"@id":"https:\/\/www.eurolegnosrl.it\/en\/#organization"},"potentialAction":[{"@type":"SearchAction","target":{"@type":"EntryPoint","urlTemplate":"https:\/\/www.eurolegnosrl.it\/en\/?s={search_term_string}"},"query-input":{"@type":"PropertyValueSpecification","valueRequired":true,"valueName":"search_term_string"}}],"inLanguage":"de"},{"@type":"Organization","@id":"https:\/\/www.eurolegnosrl.it\/en\/#organization","name":"Eurolegno Srl - Panche e sgabelli per pianoforte dal 1976","url":"https:\/\/www.eurolegnosrl.it\/en\/","logo":{"@type":"ImageObject","inLanguage":"de","@id":"https:\/\/www.eurolegnosrl.it\/en\/#\/schema\/logo\/image\/","url":"https:\/\/www.eurolegnosrl.it\/wp-content\/uploads\/2023\/09\/logo.png","contentUrl":"https:\/\/www.eurolegnosrl.it\/wp-content\/uploads\/2023\/09\/logo.png","width":266,"height":59,"caption":"Eurolegno Srl - Panche e sgabelli per pianoforte dal 1976"},"image":{"@id":"https:\/\/www.eurolegnosrl.it\/en\/#\/schema\/logo\/image\/"}}]}},"_links":{"self":[{"href":"https:\/\/www.eurolegnosrl.it\/de\/wp-json\/wp\/v2\/pages\/1981","targetHints":{"allow":["GET"]}}],"collection":[{"href":"https:\/\/www.eurolegnosrl.it\/de\/wp-json\/wp\/v2\/pages"}],"about":[{"href":"https:\/\/www.eurolegnosrl.it\/de\/wp-json\/wp\/v2\/types\/page"}],"author":[{"embeddable":true,"href":"https:\/\/www.eurolegnosrl.it\/de\/wp-json\/wp\/v2\/users\/1"}],"replies":[{"embeddable":true,"href":"https:\/\/www.eurolegnosrl.it\/de\/wp-json\/wp\/v2\/comments?post=1981"}],"version-history":[{"count":3,"href":"https:\/\/www.eurolegnosrl.it\/de\/wp-json\/wp\/v2\/pages\/1981\/revisions"}],"predecessor-version":[{"id":2110,"href":"https:\/\/www.eurolegnosrl.it\/de\/wp-json\/wp\/v2\/pages\/1981\/revisions\/2110"}],"wp:attachment":[{"href":"https:\/\/www.eurolegnosrl.it\/de\/wp-json\/wp\/v2\/media?parent=1981"}],"curies":[{"name":"wp","href":"https:\/\/api.w.org\/{rel}","templated":true}]}}